{"id":38,"date":"2022-06-13T17:00:21","date_gmt":"2022-06-13T17:00:21","guid":{"rendered":"https:\/\/psicologiaintegrativa.com.ar\/meditacion\/?page_id=38"},"modified":"2024-04-17T20:32:57","modified_gmt":"2024-04-17T23:32:57","slug":"curso-online","status":"publish","type":"page","link":"https:\/\/psicologiaintegrativa.com.ar\/meditacion\/","title":{"rendered":"Curso Online"},"content":{"rendered":"\t\t<div data-elementor-type=\"wp-page\" data-elementor-id=\"38\" class=\"elementor elementor-38\" data-elementor-post-type=\"page\">\n\t\t\t\t\t\t<section data-particle_enable=\"false\" data-particle-mobile-disabled=\"false\" class=\"elementor-section elementor-top-section elementor-element elementor-element-63a0c71 elementor-section-boxed elementor-section-height-default elementor-section-height-default\" data-id=\"63a0c71\" data-element_type=\"section\">\n\t\t\t\t\t\t<div class=\"elementor-container elementor-column-gap-default\">\n\t\t\t\t\t<div class=\"elementor-column elementor-col-100 elementor-top-column elementor-element elementor-element-32a192b\" data-id=\"32a192b\" data-element_type=\"column\">\n\t\t\t<div class=\"elementor-widget-wrap elementor-element-populated\">\n\t\t\t\t\t\t<div class=\"elementor-element elementor-element-4369a06 elementor-widget elementor-widget-image\" data-id=\"4369a06\" data-element_type=\"widget\" data-widget_type=\"image.default\">\n\t\t\t\t<div class=\"elementor-widget-container\">\n\t\t\t<style>\/*! elementor - v3.21.0 - 15-04-2024 *\/\n.elementor-widget-image{text-align:center}.elementor-widget-image a{display:inline-block}.elementor-widget-image a img[src$=\".svg\"]{width:48px}.elementor-widget-image img{vertical-align:middle;display:inline-block}<\/style>\t\t\t\t\t\t\t\t\t\t<img decoding=\"async\" width=\"153\" height=\"60\" src=\"https:\/\/psicologiaintegrativa.com.ar\/meditacion\/wp-content\/uploads\/2022\/06\/logo-nuevo.png\" class=\"attachment-large size-large wp-image-14\" alt=\"\" srcset=\"https:\/\/psicologiaintegrativa.com.ar\/meditacion\/wp-content\/uploads\/2022\/06\/logo-nuevo.png 153w, https:\/\/psicologiaintegrativa.com.ar\/meditacion\/wp-content\/uploads\/2022\/06\/logo-nuevo-150x60.png 150w\" sizes=\"(max-width: 153px) 100vw, 153px\" \/>\t\t\t\t\t\t\t\t\t\t\t\t\t<\/div>\n\t\t\t\t<\/div>\n\t\t\t\t\t<\/div>\n\t\t<\/div>\n\t\t\t\t\t<\/div>\n\t\t<\/section>\n\t\t\t\t<section data-particle_enable=\"false\" data-particle-mobile-disabled=\"false\" class=\"elementor-section elementor-top-section elementor-element elementor-element-e37bd35 elementor-section-boxed elementor-section-height-default elementor-section-height-default\" data-id=\"e37bd35\" data-element_type=\"section\" data-settings=\"{&quot;background_background&quot;:&quot;gradient&quot;}\">\n\t\t\t\t\t\t<div class=\"elementor-container elementor-column-gap-default\">\n\t\t\t\t\t<div class=\"elementor-column elementor-col-100 elementor-top-column elementor-element elementor-element-d8eb301\" data-id=\"d8eb301\" data-element_type=\"column\">\n\t\t\t<div class=\"elementor-widget-wrap elementor-element-populated\">\n\t\t\t\t\t\t<section data-particle_enable=\"false\" data-particle-mobile-disabled=\"false\" class=\"elementor-section elementor-inner-section elementor-element elementor-element-d4d806f elementor-section-boxed elementor-section-height-default elementor-section-height-default\" data-id=\"d4d806f\" data-element_type=\"section\">\n\t\t\t\t\t\t<div class=\"elementor-container elementor-column-gap-default\">\n\t\t\t\t\t<div class=\"elementor-column elementor-col-50 elementor-inner-column elementor-element elementor-element-ded8759\" data-id=\"ded8759\" data-element_type=\"column\">\n\t\t\t<div class=\"elementor-widget-wrap elementor-element-populated\">\n\t\t\t\t\t\t<div class=\"elementor-element elementor-element-031f348 elementor-widget elementor-widget-text-editor\" data-id=\"031f348\" data-element_type=\"widget\" data-widget_type=\"text-editor.default\">\n\t\t\t\t<div class=\"elementor-widget-container\">\n\t\t\t<style>\/*! elementor - v3.21.0 - 15-04-2024 *\/\n.elementor-widget-text-editor.elementor-drop-cap-view-stacked .elementor-drop-cap{background-color:#69727d;color:#fff}.elementor-widget-text-editor.elementor-drop-cap-view-framed .elementor-drop-cap{color:#69727d;border:3px solid;background-color:transparent}.elementor-widget-text-editor:not(.elementor-drop-cap-view-default) .elementor-drop-cap{margin-top:8px}.elementor-widget-text-editor:not(.elementor-drop-cap-view-default) .elementor-drop-cap-letter{width:1em;height:1em}.elementor-widget-text-editor .elementor-drop-cap{float:left;text-align:center;line-height:1;font-size:50px}.elementor-widget-text-editor .elementor-drop-cap-letter{display:inline-block}<\/style>\t\t\t\t<p>VIAJE AL BIENESTAR<\/p>\t\t\t\t\t\t<\/div>\n\t\t\t\t<\/div>\n\t\t\t\t<div class=\"elementor-element elementor-element-fcf3794 elementor-widget elementor-widget-text-editor\" data-id=\"fcf3794\" data-element_type=\"widget\" data-widget_type=\"text-editor.default\">\n\t\t\t\t<div class=\"elementor-widget-container\">\n\t\t\t\t\t\t\t<p>Curso Online:<\/p>\n<p>C\u00f3mo hacer de la meditaci\u00f3n un h\u00e1bito<\/p>\t\t\t\t\t\t<\/div>\n\t\t\t\t<\/div>\n\t\t\t\t<div class=\"elementor-element elementor-element-083d71a elementor-widget elementor-widget-text-editor\" data-id=\"083d71a\" data-element_type=\"widget\" data-widget_type=\"text-editor.default\">\n\t\t\t\t<div class=\"elementor-widget-container\">\n\t\t\t\t\t\t\t<p>Esto es lo que obtendr\u00e1s con este curso online de meditaci\u00f3n:<\/p>\n<ul>\n<li>Aprende a meditar correctamente o fortalecer una pr\u00e1ctica actual.<\/li>\n<li>Experimenta personalmente los beneficios de la meditaci\u00f3n en tu mente, coraz\u00f3n y cuerpo.<\/li>\n<li>Desarrolla una gentil apertura y coraje para mirarte a ti mismo con honestidad.<\/li>\n<li>Establecer una base para el desarrollo personal y el bienestar.<\/li>\n<\/ul>\t\t\t\t\t\t<\/div>\n\t\t\t\t<\/div>\n\t\t\t\t\t<\/div>\n\t\t<\/div>\n\t\t\t\t<div class=\"elementor-column elementor-col-50 elementor-inner-column elementor-element elementor-element-4e04efb\" data-id=\"4e04efb\" data-element_type=\"column\">\n\t\t\t<div class=\"elementor-widget-wrap elementor-element-populated\">\n\t\t\t\t\t\t<div class=\"elementor-element elementor-element-4e128f5 elementor-widget elementor-widget-text-editor\" data-id=\"4e128f5\" data-element_type=\"widget\" data-widget_type=\"text-editor.default\">\n\t\t\t\t<div class=\"elementor-widget-container\">\n\t\t\t\t\t\t\t<script src=\"https:\/\/fast.wistia.com\/embed\/medias\/obvlo4ppns.jsonp\" async><\/script><script src=\"https:\/\/fast.wistia.com\/assets\/external\/E-v1.js\" async><\/script><div class=\"wistia_responsive_padding\" style=\"padding:56.25% 0 0 0;position:relative;\"><div class=\"wistia_responsive_wrapper\" style=\"height:100%;left:0;position:absolute;top:0;width:100%;\"><span class=\"wistia_embed wistia_async_obvlo4ppns popover=true popoverAnimateThumbnail=true videoFoam=true\" style=\"display:inline-block;height:100%;position:relative;width:100%\">&nbsp;<\/span><\/div><\/div>\t\t\t\t\t\t<\/div>\n\t\t\t\t<\/div>\n\t\t\t\t<div class=\"elementor-element elementor-element-fc9701f elementor-widget elementor-widget-text-editor\" data-id=\"fc9701f\" data-element_type=\"widget\" data-widget_type=\"text-editor.default\">\n\t\t\t\t<div class=\"elementor-widget-container\">\n\t\t\t\t\t\t\t<p>Desbloquee su potencial para una vida significativa, a trav\u00e9s de la pr\u00e1ctica de la meditaci\u00f3n en tan solo 21 d\u00edas. Accede a mi curso \u00abC\u00f3mo hacer de la meditaci\u00f3n un h\u00e1bito\u00bb.<\/p>\t\t\t\t\t\t<\/div>\n\t\t\t\t<\/div>\n\t\t\t\t<section data-particle_enable=\"false\" data-particle-mobile-disabled=\"false\" class=\"elementor-section elementor-inner-section elementor-element elementor-element-2181612 elementor-section-boxed elementor-section-height-default elementor-section-height-default\" data-id=\"2181612\" data-element_type=\"section\">\n\t\t\t\t\t\t<div class=\"elementor-container elementor-column-gap-default\">\n\t\t\t\t\t<div class=\"elementor-column elementor-col-100 elementor-inner-column elementor-element elementor-element-94a7a29\" data-id=\"94a7a29\" data-element_type=\"column\">\n\t\t\t<div class=\"elementor-widget-wrap elementor-element-populated\">\n\t\t\t\t\t\t<div class=\"elementor-element elementor-element-67c8f7a elementor-align-justify boton1 elementor-widget elementor-widget-button\" data-id=\"67c8f7a\" data-element_type=\"widget\" data-widget_type=\"button.default\">\n\t\t\t\t<div class=\"elementor-widget-container\">\n\t\t\t\t\t<div class=\"elementor-button-wrapper\">\n\t\t\t<a class=\"elementor-button elementor-button-link elementor-size-lg\" href=\"#comprar\">\n\t\t\t\t\t\t<span class=\"elementor-button-content-wrapper\">\n\t\t\t\t\t\t\t\t\t<span class=\"elementor-button-text\">\u00a1QUIERO UNIRME AHORA!<\/span>\n\t\t\t\t\t<\/span>\n\t\t\t\t\t<\/a>\n\t\t<\/div>\n\t\t\t\t<\/div>\n\t\t\t\t<\/div>\n\t\t\t\t\t<\/div>\n\t\t<\/div>\n\t\t\t\t\t<\/div>\n\t\t<\/section>\n\t\t\t\t\t<\/div>\n\t\t<\/div>\n\t\t\t\t\t<\/div>\n\t\t<\/section>\n\t\t\t\t\t<\/div>\n\t\t<\/div>\n\t\t\t\t\t<\/div>\n\t\t<\/section>\n\t\t\t\t<section data-particle_enable=\"false\" data-particle-mobile-disabled=\"false\" class=\"elementor-section elementor-top-section elementor-element elementor-element-911ea31 elementor-section-boxed elementor-section-height-default elementor-section-height-default\" data-id=\"911ea31\" data-element_type=\"section\">\n\t\t\t\t\t\t<div class=\"elementor-container elementor-column-gap-default\">\n\t\t\t\t\t<div class=\"elementor-column elementor-col-100 elementor-top-column elementor-element elementor-element-cb1bc61\" data-id=\"cb1bc61\" data-element_type=\"column\">\n\t\t\t<div class=\"elementor-widget-wrap elementor-element-populated\">\n\t\t\t\t\t\t<section data-particle_enable=\"false\" data-particle-mobile-disabled=\"false\" class=\"elementor-section elementor-inner-section elementor-element elementor-element-8647adb elementor-section-boxed elementor-section-height-default elementor-section-height-default\" data-id=\"8647adb\" data-element_type=\"section\">\n\t\t\t\t\t\t<div class=\"elementor-container elementor-column-gap-default\">\n\t\t\t\t\t<div class=\"elementor-column elementor-col-50 elementor-inner-column elementor-element elementor-element-5458cf4\" data-id=\"5458cf4\" data-element_type=\"column\">\n\t\t\t<div class=\"elementor-widget-wrap elementor-element-populated\">\n\t\t\t\t\t\t<div class=\"elementor-element elementor-element-2f8c6a5 elementor-widget elementor-widget-text-editor\" data-id=\"2f8c6a5\" data-element_type=\"widget\" data-widget_type=\"text-editor.default\">\n\t\t\t\t<div class=\"elementor-widget-container\">\n\t\t\t\t\t\t\t<p>\u00bfQuieres un cambio positivo en tu vida?<\/p>\t\t\t\t\t\t<\/div>\n\t\t\t\t<\/div>\n\t\t\t\t<div class=\"elementor-element elementor-element-2a4e4f0 elementor-widget elementor-widget-image\" data-id=\"2a4e4f0\" data-element_type=\"widget\" data-widget_type=\"image.default\">\n\t\t\t\t<div class=\"elementor-widget-container\">\n\t\t\t\t\t\t\t\t\t\t\t\t\t<img fetchpriority=\"high\" decoding=\"async\" width=\"505\" height=\"494\" src=\"https:\/\/psicologiaintegrativa.com.ar\/meditacion\/wp-content\/uploads\/2022\/06\/kisspng-stress-management-headache-stock-photography-headache-5abd0351070b64.5056417215223365930289-removebg-preview.png\" class=\"attachment-large size-large wp-image-177\" alt=\"\" srcset=\"https:\/\/psicologiaintegrativa.com.ar\/meditacion\/wp-content\/uploads\/2022\/06\/kisspng-stress-management-headache-stock-photography-headache-5abd0351070b64.5056417215223365930289-removebg-preview.png 505w, https:\/\/psicologiaintegrativa.com.ar\/meditacion\/wp-content\/uploads\/2022\/06\/kisspng-stress-management-headache-stock-photography-headache-5abd0351070b64.5056417215223365930289-removebg-preview-300x293.png 300w\" sizes=\"(max-width: 505px) 100vw, 505px\" \/>\t\t\t\t\t\t\t\t\t\t\t\t\t<\/div>\n\t\t\t\t<\/div>\n\t\t\t\t<div class=\"elementor-element elementor-element-2cec6ac elementor-widget elementor-widget-text-editor\" data-id=\"2cec6ac\" data-element_type=\"widget\" data-widget_type=\"text-editor.default\">\n\t\t\t\t<div class=\"elementor-widget-container\">\n\t\t\t\t\t\t\t<p>Si tienes dificultad para concentrarte en las tareas diarias e incluso experimentar mareos o repentinos trastornos respiratorios, es probable que est\u00e9s pasando por episodios que deban ser tratados profesionalmente.<\/p><p><span style=\"font-weight: 400;\">Con este programa lograr\u00e1s alcanzar paso a paso una vida significativa, mejorar tu desempe\u00f1o en el \u00e1mbito laboral y mitigar padecimientos f\u00edsicos producto de conflictos emocionales.\u00a0<\/span><\/p><ul><li style=\"font-weight: 400;\" aria-level=\"1\"><span style=\"font-weight: 400;\">Potenciar\u00e1s la salud f\u00edsica, mental y emocional.<\/span><\/li><li style=\"font-weight: 400;\" aria-level=\"1\"><span style=\"font-weight: 400;\">Adquirir\u00e1s h\u00e1bitos saludables registrando las emociones y pensamientos diarios.<\/span><\/li><li style=\"font-weight: 400;\" aria-level=\"1\"><span style=\"font-weight: 400;\">Aumentar\u00e1s la capacidad de responder adecuadamente ante hechos estresantes.<\/span><\/li><li style=\"font-weight: 400;\" aria-level=\"1\"><span style=\"font-weight: 400;\">Mejorar\u00e1s la memoria y la concentraci\u00f3n.<\/span><\/li><li style=\"font-weight: 400;\" aria-level=\"1\"><span style=\"font-weight: 400;\">Aumentar\u00e1s la confianza en ti mismo aprendiendo a utilizar la ansiedad a tu favor a trav\u00e9s de ejercicios pr\u00e1cticos diarios.<\/span><\/li><li style=\"font-weight: 400;\" aria-level=\"1\"><span style=\"font-weight: 400;\">Entender\u00e1s como soltar los enojos y los miedos a trav\u00e9s de la postura de observaci\u00f3n.<\/span><\/li><li style=\"font-weight: 400;\" aria-level=\"1\"><span style=\"font-weight: 400;\">Y por sobre todas las cosas, descubrir\u00e1s como conectar y disfrutar con cada momento de tu vida.<\/span><\/li><\/ul>\t\t\t\t\t\t<\/div>\n\t\t\t\t<\/div>\n\t\t\t\t<section data-particle_enable=\"false\" data-particle-mobile-disabled=\"false\" class=\"elementor-section elementor-inner-section elementor-element elementor-element-767e414 elementor-section-boxed elementor-section-height-default elementor-section-height-default\" data-id=\"767e414\" data-element_type=\"section\" data-settings=\"{&quot;background_background&quot;:&quot;classic&quot;}\">\n\t\t\t\t\t\t<div class=\"elementor-container elementor-column-gap-default\">\n\t\t\t\t\t<div class=\"elementor-column elementor-col-50 elementor-inner-column elementor-element elementor-element-90ee75a\" data-id=\"90ee75a\" data-element_type=\"column\">\n\t\t\t<div class=\"elementor-widget-wrap elementor-element-populated\">\n\t\t\t\t\t\t<div class=\"elementor-element elementor-element-c7165a1 elementor-widget elementor-widget-image\" data-id=\"c7165a1\" data-element_type=\"widget\" data-widget_type=\"image.default\">\n\t\t\t\t<div class=\"elementor-widget-container\">\n\t\t\t\t\t\t\t\t\t\t\t\t\t<img decoding=\"async\" width=\"481\" height=\"512\" src=\"https:\/\/psicologiaintegrativa.com.ar\/meditacion\/wp-content\/uploads\/2022\/07\/Claudia-2.jpg\" class=\"attachment-medium_large size-medium_large wp-image-998\" alt=\"\" srcset=\"https:\/\/psicologiaintegrativa.com.ar\/meditacion\/wp-content\/uploads\/2022\/07\/Claudia-2.jpg 481w, https:\/\/psicologiaintegrativa.com.ar\/meditacion\/wp-content\/uploads\/2022\/07\/Claudia-2-282x300.jpg 282w\" sizes=\"(max-width: 481px) 100vw, 481px\" \/>\t\t\t\t\t\t\t\t\t\t\t\t\t<\/div>\n\t\t\t\t<\/div>\n\t\t\t\t\t<\/div>\n\t\t<\/div>\n\t\t\t\t<div class=\"elementor-column elementor-col-50 elementor-inner-column elementor-element elementor-element-04a7f6a\" data-id=\"04a7f6a\" data-element_type=\"column\">\n\t\t\t<div class=\"elementor-widget-wrap elementor-element-populated\">\n\t\t\t\t\t\t<div class=\"elementor-element elementor-element-f49cfa6 elementor-widget elementor-widget-text-editor\" data-id=\"f49cfa6\" data-element_type=\"widget\" data-widget_type=\"text-editor.default\">\n\t\t\t\t<div class=\"elementor-widget-container\">\n\t\t\t\t\t\t\t<p>\u201c\u00a1Excelente curso! \u00a1Muy bien explicado y con mucha informaci\u00f3n! Me sirvi\u00f3 mucho a mi pr\u00e1ctica diaria. \u00a1Gracias!\u201d<\/p><p>\u00a0 <b>Claudia<\/b><\/p>\t\t\t\t\t\t<\/div>\n\t\t\t\t<\/div>\n\t\t\t\t\t<\/div>\n\t\t<\/div>\n\t\t\t\t\t<\/div>\n\t\t<\/section>\n\t\t\t\t<div class=\"elementor-element elementor-element-c1e9146 elementor-widget elementor-widget-text-editor\" data-id=\"c1e9146\" data-element_type=\"widget\" data-widget_type=\"text-editor.default\">\n\t\t\t\t<div class=\"elementor-widget-container\">\n\t\t\t\t\t\t\t<p>Interrumpir los patrones habituales a trav\u00e9s de la meditaci\u00f3n<\/p>\t\t\t\t\t\t<\/div>\n\t\t\t\t<\/div>\n\t\t\t\t<div class=\"elementor-element elementor-element-33c12c8 elementor-widget elementor-widget-image\" data-id=\"33c12c8\" data-element_type=\"widget\" data-widget_type=\"image.default\">\n\t\t\t\t<div class=\"elementor-widget-container\">\n\t\t\t\t\t\t\t\t\t\t\t\t\t<img loading=\"lazy\" decoding=\"async\" width=\"516\" height=\"475\" src=\"https:\/\/psicologiaintegrativa.com.ar\/meditacion\/wp-content\/uploads\/2022\/06\/Meditacion-pasos.png\" class=\"attachment-large size-large wp-image-520\" alt=\"\" srcset=\"https:\/\/psicologiaintegrativa.com.ar\/meditacion\/wp-content\/uploads\/2022\/06\/Meditacion-pasos.png 516w, https:\/\/psicologiaintegrativa.com.ar\/meditacion\/wp-content\/uploads\/2022\/06\/Meditacion-pasos-300x276.png 300w\" sizes=\"(max-width: 516px) 100vw, 516px\" \/>\t\t\t\t\t\t\t\t\t\t\t\t\t<\/div>\n\t\t\t\t<\/div>\n\t\t\t\t<div class=\"elementor-element elementor-element-c949813 elementor-widget elementor-widget-text-editor\" data-id=\"c949813\" data-element_type=\"widget\" data-widget_type=\"text-editor.default\">\n\t\t\t\t<div class=\"elementor-widget-container\">\n\t\t\t\t\t\t\t<p>Los patrones habituales limitan nuestras opciones y nos mantienen como rehenes.<\/p><p>Debido a las tendencias que creamos por h\u00e1bito, nuestros pensamientos y emociones se convierten en una respuesta habitual. Sin consciencia, cavamos surcos cada vez m\u00e1s profundos en nuestras mentes: patrones habituales de comportamiento que pueden ser positivos o negativos. A trav\u00e9s de la pr\u00e1ctica de la consciencia, podemos comenzar a ver este proceso y, con el tiempo, podemos interrumpirlo.<\/p>\t\t\t\t\t\t<\/div>\n\t\t\t\t<\/div>\n\t\t\t\t\t<\/div>\n\t\t<\/div>\n\t\t\t\t<div class=\"elementor-column elementor-col-50 elementor-inner-column elementor-element elementor-element-c6b9195\" data-id=\"c6b9195\" data-element_type=\"column\">\n\t\t\t<div class=\"elementor-widget-wrap elementor-element-populated\">\n\t\t\t\t\t\t<div class=\"elementor-element elementor-element-2735b81 elementor-widget elementor-widget-text-editor\" data-id=\"2735b81\" data-element_type=\"widget\" data-widget_type=\"text-editor.default\">\n\t\t\t\t<div class=\"elementor-widget-container\">\n\t\t\t\t\t\t\t<p>\u00bfCu\u00e1les son los beneficios de practicar la meditaci\u00f3n?<\/p>\t\t\t\t\t\t<\/div>\n\t\t\t\t<\/div>\n\t\t\t\t<section data-particle_enable=\"false\" data-particle-mobile-disabled=\"false\" class=\"elementor-section elementor-inner-section elementor-element elementor-element-cf44145 elementor-section-boxed elementor-section-height-default elementor-section-height-default\" data-id=\"cf44145\" data-element_type=\"section\">\n\t\t\t\t\t\t<div class=\"elementor-container elementor-column-gap-default\">\n\t\t\t\t\t<div class=\"elementor-column elementor-col-33 elementor-inner-column elementor-element elementor-element-4548055\" data-id=\"4548055\" data-element_type=\"column\">\n\t\t\t<div class=\"elementor-widget-wrap elementor-element-populated\">\n\t\t\t\t\t\t<div class=\"elementor-element elementor-element-a3f5085 elementor-position-top elementor-widget elementor-widget-image-box\" data-id=\"a3f5085\" data-element_type=\"widget\" data-widget_type=\"image-box.default\">\n\t\t\t\t<div class=\"elementor-widget-container\">\n\t\t\t<style>\/*! elementor - v3.21.0 - 15-04-2024 *\/\n.elementor-widget-image-box .elementor-image-box-content{width:100%}@media (min-width:768px){.elementor-widget-image-box.elementor-position-left .elementor-image-box-wrapper,.elementor-widget-image-box.elementor-position-right .elementor-image-box-wrapper{display:flex}.elementor-widget-image-box.elementor-position-right .elementor-image-box-wrapper{text-align:end;flex-direction:row-reverse}.elementor-widget-image-box.elementor-position-left .elementor-image-box-wrapper{text-align:start;flex-direction:row}.elementor-widget-image-box.elementor-position-top .elementor-image-box-img{margin:auto}.elementor-widget-image-box.elementor-vertical-align-top .elementor-image-box-wrapper{align-items:flex-start}.elementor-widget-image-box.elementor-vertical-align-middle .elementor-image-box-wrapper{align-items:center}.elementor-widget-image-box.elementor-vertical-align-bottom .elementor-image-box-wrapper{align-items:flex-end}}@media (max-width:767px){.elementor-widget-image-box .elementor-image-box-img{margin-left:auto!important;margin-right:auto!important;margin-bottom:15px}}.elementor-widget-image-box .elementor-image-box-img{display:inline-block}.elementor-widget-image-box .elementor-image-box-title a{color:inherit}.elementor-widget-image-box .elementor-image-box-wrapper{text-align:center}.elementor-widget-image-box .elementor-image-box-description{margin:0}<\/style><div class=\"elementor-image-box-wrapper\"><figure class=\"elementor-image-box-img\"><img loading=\"lazy\" decoding=\"async\" width=\"512\" height=\"512\" src=\"https:\/\/psicologiaintegrativa.com.ar\/meditacion\/wp-content\/uploads\/2022\/06\/paz-interior.png\" class=\"attachment-full size-full wp-image-488\" alt=\"\" srcset=\"https:\/\/psicologiaintegrativa.com.ar\/meditacion\/wp-content\/uploads\/2022\/06\/paz-interior.png 512w, https:\/\/psicologiaintegrativa.com.ar\/meditacion\/wp-content\/uploads\/2022\/06\/paz-interior-300x300.png 300w, https:\/\/psicologiaintegrativa.com.ar\/meditacion\/wp-content\/uploads\/2022\/06\/paz-interior-150x150.png 150w\" sizes=\"(max-width: 512px) 100vw, 512px\" \/><\/figure><div class=\"elementor-image-box-content\"><h3 class=\"elementor-image-box-title\">Profunda paz interior\u200b<\/h3><p class=\"elementor-image-box-description\">Altamente efectivo para el estr\u00e9s y la ansiedad.<\/p><\/div><\/div>\t\t<\/div>\n\t\t\t\t<\/div>\n\t\t\t\t\t<\/div>\n\t\t<\/div>\n\t\t\t\t<div class=\"elementor-column elementor-col-33 elementor-inner-column elementor-element elementor-element-0a7fc1d\" data-id=\"0a7fc1d\" data-element_type=\"column\">\n\t\t\t<div class=\"elementor-widget-wrap elementor-element-populated\">\n\t\t\t\t\t\t<div class=\"elementor-element elementor-element-5484d5f elementor-position-top elementor-widget elementor-widget-image-box\" data-id=\"5484d5f\" data-element_type=\"widget\" data-widget_type=\"image-box.default\">\n\t\t\t\t<div class=\"elementor-widget-container\">\n\t\t\t<div class=\"elementor-image-box-wrapper\"><figure class=\"elementor-image-box-img\"><img loading=\"lazy\" decoding=\"async\" width=\"512\" height=\"512\" src=\"https:\/\/psicologiaintegrativa.com.ar\/meditacion\/wp-content\/uploads\/2022\/06\/mind.png\" class=\"attachment-full size-full wp-image-489\" alt=\"\" srcset=\"https:\/\/psicologiaintegrativa.com.ar\/meditacion\/wp-content\/uploads\/2022\/06\/mind.png 512w, https:\/\/psicologiaintegrativa.com.ar\/meditacion\/wp-content\/uploads\/2022\/06\/mind-300x300.png 300w, https:\/\/psicologiaintegrativa.com.ar\/meditacion\/wp-content\/uploads\/2022\/06\/mind-150x150.png 150w\" sizes=\"(max-width: 512px) 100vw, 512px\" \/><\/figure><div class=\"elementor-image-box-content\"><h3 class=\"elementor-image-box-title\">Claridad mental<\/h3><p class=\"elementor-image-box-description\">Mayor energ\u00eda, creatividad y consciencia.<\/p><\/div><\/div>\t\t<\/div>\n\t\t\t\t<\/div>\n\t\t\t\t\t<\/div>\n\t\t<\/div>\n\t\t\t\t<div class=\"elementor-column elementor-col-33 elementor-inner-column elementor-element elementor-element-4899842\" data-id=\"4899842\" data-element_type=\"column\">\n\t\t\t<div class=\"elementor-widget-wrap elementor-element-populated\">\n\t\t\t\t\t\t<div class=\"elementor-element elementor-element-19d96a0 elementor-position-top elementor-widget elementor-widget-image-box\" data-id=\"19d96a0\" data-element_type=\"widget\" data-widget_type=\"image-box.default\">\n\t\t\t\t<div class=\"elementor-widget-container\">\n\t\t\t<div class=\"elementor-image-box-wrapper\"><figure class=\"elementor-image-box-img\"><img loading=\"lazy\" decoding=\"async\" width=\"512\" height=\"512\" src=\"https:\/\/psicologiaintegrativa.com.ar\/meditacion\/wp-content\/uploads\/2022\/06\/heart.png\" class=\"attachment-full size-full wp-image-490\" alt=\"\" srcset=\"https:\/\/psicologiaintegrativa.com.ar\/meditacion\/wp-content\/uploads\/2022\/06\/heart.png 512w, https:\/\/psicologiaintegrativa.com.ar\/meditacion\/wp-content\/uploads\/2022\/06\/heart-300x300.png 300w, https:\/\/psicologiaintegrativa.com.ar\/meditacion\/wp-content\/uploads\/2022\/06\/heart-150x150.png 150w\" sizes=\"(max-width: 512px) 100vw, 512px\" \/><\/figure><div class=\"elementor-image-box-content\"><h3 class=\"elementor-image-box-title\">Un coraz\u00f3n m\u00e1s sano<\/h3><p class=\"elementor-image-box-description\">Disminuye los riesgos card\u00edacos hasta en un 48 %<\/p><\/div><\/div>\t\t<\/div>\n\t\t\t\t<\/div>\n\t\t\t\t\t<\/div>\n\t\t<\/div>\n\t\t\t\t\t<\/div>\n\t\t<\/section>\n\t\t\t\t<div class=\"elementor-element elementor-element-b588897 elementor-widget elementor-widget-text-editor\" data-id=\"b588897\" data-element_type=\"widget\" data-widget_type=\"text-editor.default\">\n\t\t\t\t<div class=\"elementor-widget-container\">\n\t\t\t\t\t\t\t<p>La meditaci\u00f3n puede brindarle una sensaci\u00f3n de calma, paz y equilibrio que puede beneficiar tanto su bienestar emocional como su salud en general. Tambi\u00e9n puedes usarlo para relajarte y lidiar con el estr\u00e9s al volver a enfocar tu atenci\u00f3n en algo que te tranquilice. La meditaci\u00f3n puede ayudarte a aprender a permanecer centrado y mantener la paz interior.<\/p><p>Y estos beneficios no terminan cuando finaliza su sesi\u00f3n de meditaci\u00f3n. La meditaci\u00f3n puede ayudarte a llevar el d\u00eda con m\u00e1s calma. Y la meditaci\u00f3n puede ayudarte a controlar los s\u00edntomas de ciertas afecciones m\u00e9dicas.<\/p>\t\t\t\t\t\t<\/div>\n\t\t\t\t<\/div>\n\t\t\t\t<div class=\"elementor-element elementor-element-6a38d17 elementor-widget elementor-widget-text-editor\" data-id=\"6a38d17\" data-element_type=\"widget\" data-widget_type=\"text-editor.default\">\n\t\t\t\t<div class=\"elementor-widget-container\">\n\t\t\t\t\t\t\t<p>\u00bfTodos podemos meditar?<\/p>\t\t\t\t\t\t<\/div>\n\t\t\t\t<\/div>\n\t\t\t\t<div class=\"elementor-element elementor-element-0c9e79c elementor-widget elementor-widget-image\" data-id=\"0c9e79c\" data-element_type=\"widget\" data-widget_type=\"image.default\">\n\t\t\t\t<div class=\"elementor-widget-container\">\n\t\t\t\t\t\t\t\t\t\t\t\t\t<img loading=\"lazy\" decoding=\"async\" width=\"800\" height=\"600\" src=\"https:\/\/psicologiaintegrativa.com.ar\/meditacion\/wp-content\/uploads\/2022\/07\/personas-meditando-1024x768.png\" class=\"attachment-large size-large wp-image-1302\" alt=\"\" srcset=\"https:\/\/psicologiaintegrativa.com.ar\/meditacion\/wp-content\/uploads\/2022\/07\/personas-meditando-1024x768.png 1024w, https:\/\/psicologiaintegrativa.com.ar\/meditacion\/wp-content\/uploads\/2022\/07\/personas-meditando-300x225.png 300w, https:\/\/psicologiaintegrativa.com.ar\/meditacion\/wp-content\/uploads\/2022\/07\/personas-meditando-768x576.png 768w, https:\/\/psicologiaintegrativa.com.ar\/meditacion\/wp-content\/uploads\/2022\/07\/personas-meditando.png 1136w\" sizes=\"(max-width: 800px) 100vw, 800px\" \/>\t\t\t\t\t\t\t\t\t\t\t\t\t<\/div>\n\t\t\t\t<\/div>\n\t\t\t\t<div class=\"elementor-element elementor-element-ea35233 elementor-widget elementor-widget-text-editor\" data-id=\"ea35233\" data-element_type=\"widget\" data-widget_type=\"text-editor.default\">\n\t\t\t\t<div class=\"elementor-widget-container\">\n\t\t\t\t\t\t\t<p>No permita que la idea de meditar de la manera \u00abcorrecta\u00bb lo desanime y aumente su estr\u00e9s. Cualquier persona puede practicar la meditaci\u00f3n. Es simple y econ\u00f3mico. Y no requiere ning\u00fan equipo especial.<\/p><p>Puedes hacer que la meditaci\u00f3n sea tan formal o informal como desee, sin importar c\u00f3mo se adapte a su estilo de vida y situaci\u00f3n. Algunas personas incorporan la meditaci\u00f3n a su rutina diaria. Por ejemplo, puedes practicar la meditaci\u00f3n, ya sea si est\u00e1s de paseo, viajando en autob\u00fas, esperando en el consultorio del m\u00e9dico o incluso antes de una dif\u00edcil reuni\u00f3n de negocios.\u00a0<\/p><p>Pero todo lo que realmente necesitas son unos minutos de tiempo de calidad para la meditaci\u00f3n.<\/p><p>Por eso he creado este programa, esta gu\u00eda de c\u00f3mo hacer de la meditaci\u00f3n un h\u00e1bito paso a paso y generarlo en 21 dias para todo tipo de personas.<\/p>\t\t\t\t\t\t<\/div>\n\t\t\t\t<\/div>\n\t\t\t\t<section data-particle_enable=\"false\" data-particle-mobile-disabled=\"false\" class=\"elementor-section elementor-inner-section elementor-element elementor-element-6cd6779 elementor-section-boxed elementor-section-height-default elementor-section-height-default\" data-id=\"6cd6779\" data-element_type=\"section\">\n\t\t\t\t\t\t<div class=\"elementor-container elementor-column-gap-default\">\n\t\t\t\t\t<div class=\"elementor-column elementor-col-33 elementor-inner-column elementor-element elementor-element-5569eea\" data-id=\"5569eea\" data-element_type=\"column\">\n\t\t\t<div class=\"elementor-widget-wrap elementor-element-populated\">\n\t\t\t\t\t\t<div class=\"elementor-element elementor-element-dd06f9c elementor-position-top elementor-widget elementor-widget-image-box\" data-id=\"dd06f9c\" data-element_type=\"widget\" data-widget_type=\"image-box.default\">\n\t\t\t\t<div class=\"elementor-widget-container\">\n\t\t\t<div class=\"elementor-image-box-wrapper\"><figure class=\"elementor-image-box-img\"><img loading=\"lazy\" decoding=\"async\" width=\"512\" height=\"512\" src=\"https:\/\/psicologiaintegrativa.com.ar\/meditacion\/wp-content\/uploads\/2022\/06\/calendar.png\" class=\"attachment-full size-full wp-image-491\" alt=\"\" srcset=\"https:\/\/psicologiaintegrativa.com.ar\/meditacion\/wp-content\/uploads\/2022\/06\/calendar.png 512w, https:\/\/psicologiaintegrativa.com.ar\/meditacion\/wp-content\/uploads\/2022\/06\/calendar-300x300.png 300w, https:\/\/psicologiaintegrativa.com.ar\/meditacion\/wp-content\/uploads\/2022\/06\/calendar-150x150.png 150w\" sizes=\"(max-width: 512px) 100vw, 512px\" \/><\/figure><div class=\"elementor-image-box-content\"><h3 class=\"elementor-image-box-title\">Duraci\u00f3n<\/h3><p class=\"elementor-image-box-description\">21 D\u00edas<\/p><\/div><\/div>\t\t<\/div>\n\t\t\t\t<\/div>\n\t\t\t\t\t<\/div>\n\t\t<\/div>\n\t\t\t\t<div class=\"elementor-column elementor-col-33 elementor-inner-column elementor-element elementor-element-fc5060e\" data-id=\"fc5060e\" data-element_type=\"column\">\n\t\t\t<div class=\"elementor-widget-wrap elementor-element-populated\">\n\t\t\t\t\t\t<div class=\"elementor-element elementor-element-8054e74 elementor-position-top elementor-widget elementor-widget-image-box\" data-id=\"8054e74\" data-element_type=\"widget\" data-widget_type=\"image-box.default\">\n\t\t\t\t<div class=\"elementor-widget-container\">\n\t\t\t<div class=\"elementor-image-box-wrapper\"><figure class=\"elementor-image-box-img\"><img loading=\"lazy\" decoding=\"async\" width=\"512\" height=\"512\" src=\"https:\/\/psicologiaintegrativa.com.ar\/meditacion\/wp-content\/uploads\/2022\/06\/time.png\" class=\"attachment-full size-full wp-image-492\" alt=\"\" srcset=\"https:\/\/psicologiaintegrativa.com.ar\/meditacion\/wp-content\/uploads\/2022\/06\/time.png 512w, https:\/\/psicologiaintegrativa.com.ar\/meditacion\/wp-content\/uploads\/2022\/06\/time-300x300.png 300w, https:\/\/psicologiaintegrativa.com.ar\/meditacion\/wp-content\/uploads\/2022\/06\/time-150x150.png 150w\" sizes=\"(max-width: 512px) 100vw, 512px\" \/><\/figure><div class=\"elementor-image-box-content\"><h3 class=\"elementor-image-box-title\">Tiempo<\/h3><p class=\"elementor-image-box-description\">Desde 3 min\/d\u00eda<\/p><\/div><\/div>\t\t<\/div>\n\t\t\t\t<\/div>\n\t\t\t\t\t<\/div>\n\t\t<\/div>\n\t\t\t\t<div class=\"elementor-column elementor-col-33 elementor-inner-column elementor-element elementor-element-728cda1\" data-id=\"728cda1\" data-element_type=\"column\">\n\t\t\t<div class=\"elementor-widget-wrap elementor-element-populated\">\n\t\t\t\t\t\t<div class=\"elementor-element elementor-element-075919e elementor-position-top elementor-widget elementor-widget-image-box\" data-id=\"075919e\" data-element_type=\"widget\" data-widget_type=\"image-box.default\">\n\t\t\t\t<div class=\"elementor-widget-container\">\n\t\t\t<div class=\"elementor-image-box-wrapper\"><figure class=\"elementor-image-box-img\"><img loading=\"lazy\" decoding=\"async\" width=\"512\" height=\"512\" src=\"https:\/\/psicologiaintegrativa.com.ar\/meditacion\/wp-content\/uploads\/2022\/06\/gema.png\" class=\"attachment-full size-full wp-image-493\" alt=\"\" srcset=\"https:\/\/psicologiaintegrativa.com.ar\/meditacion\/wp-content\/uploads\/2022\/06\/gema.png 512w, https:\/\/psicologiaintegrativa.com.ar\/meditacion\/wp-content\/uploads\/2022\/06\/gema-300x300.png 300w, https:\/\/psicologiaintegrativa.com.ar\/meditacion\/wp-content\/uploads\/2022\/06\/gema-150x150.png 150w\" sizes=\"(max-width: 512px) 100vw, 512px\" \/><\/figure><div class=\"elementor-image-box-content\"><h3 class=\"elementor-image-box-title\">Nivel<\/h3><p class=\"elementor-image-box-description\">Principiante<\/p><\/div><\/div>\t\t<\/div>\n\t\t\t\t<\/div>\n\t\t\t\t\t<\/div>\n\t\t<\/div>\n\t\t\t\t\t<\/div>\n\t\t<\/section>\n\t\t\t\t\t<\/div>\n\t\t<\/div>\n\t\t\t\t\t<\/div>\n\t\t<\/section>\n\t\t\t\t\t<\/div>\n\t\t<\/div>\n\t\t\t\t\t<\/div>\n\t\t<\/section>\n\t\t\t\t<section data-particle_enable=\"false\" data-particle-mobile-disabled=\"false\" class=\"elementor-section elementor-top-section elementor-element elementor-element-26b0437 elementor-section-boxed elementor-section-height-default elementor-section-height-default\" data-id=\"26b0437\" data-element_type=\"section\" data-settings=\"{&quot;background_background&quot;:&quot;classic&quot;}\">\n\t\t\t\t\t\t<div class=\"elementor-container elementor-column-gap-default\">\n\t\t\t\t\t<div class=\"elementor-column elementor-col-100 elementor-top-column elementor-element elementor-element-b56188f\" data-id=\"b56188f\" data-element_type=\"column\">\n\t\t\t<div class=\"elementor-widget-wrap elementor-element-populated\">\n\t\t\t\t\t\t<div class=\"elementor-element elementor-element-14c02b1 elementor-widget elementor-widget-image\" data-id=\"14c02b1\" data-element_type=\"widget\" data-widget_type=\"image.default\">\n\t\t\t\t<div class=\"elementor-widget-container\">\n\t\t\t\t\t\t\t\t\t\t\t\t\t<img loading=\"lazy\" decoding=\"async\" width=\"800\" height=\"414\" src=\"https:\/\/psicologiaintegrativa.com.ar\/meditacion\/wp-content\/uploads\/2022\/07\/8.png\" class=\"attachment-large size-large wp-image-1059\" alt=\"\" srcset=\"https:\/\/psicologiaintegrativa.com.ar\/meditacion\/wp-content\/uploads\/2022\/07\/8.png 892w, https:\/\/psicologiaintegrativa.com.ar\/meditacion\/wp-content\/uploads\/2022\/07\/8-300x155.png 300w, https:\/\/psicologiaintegrativa.com.ar\/meditacion\/wp-content\/uploads\/2022\/07\/8-768x398.png 768w\" sizes=\"(max-width: 800px) 100vw, 800px\" \/>\t\t\t\t\t\t\t\t\t\t\t\t\t<\/div>\n\t\t\t\t<\/div>\n\t\t\t\t<div class=\"elementor-element elementor-element-138c060 elementor-widget elementor-widget-text-editor\" data-id=\"138c060\" data-element_type=\"widget\" data-widget_type=\"text-editor.default\">\n\t\t\t\t<div class=\"elementor-widget-container\">\n\t\t\t\t\t\t\t<p>C\u00d3MO HACER DE LA MEDITACI\u00d3N UN H\u00c1BITO<\/p>\t\t\t\t\t\t<\/div>\n\t\t\t\t<\/div>\n\t\t\t\t<div class=\"elementor-element elementor-element-26b86e4 elementor-widget elementor-widget-text-editor\" data-id=\"26b86e4\" data-element_type=\"widget\" data-widget_type=\"text-editor.default\">\n\t\t\t\t<div class=\"elementor-widget-container\">\n\t\t\t\t\t\t\t<p>Un camino progresivo hacia la transformaci\u00f3n personal y un mayor bienestar.<\/p>\t\t\t\t\t\t<\/div>\n\t\t\t\t<\/div>\n\t\t\t\t<div class=\"elementor-element elementor-element-32a4c74 elementor-align-center elementor-widget elementor-widget-button\" data-id=\"32a4c74\" data-element_type=\"widget\" data-settings=\"{&quot;_animation_mobile&quot;:&quot;fadeIn&quot;}\" data-widget_type=\"button.default\">\n\t\t\t\t<div class=\"elementor-widget-container\">\n\t\t\t\t\t<div class=\"elementor-button-wrapper\">\n\t\t\t<a class=\"elementor-button elementor-button-link elementor-size-xl\" href=\"#comprar\">\n\t\t\t\t\t\t<span class=\"elementor-button-content-wrapper\">\n\t\t\t\t\t\t\t\t\t<span class=\"elementor-button-text\">\u00a1Quiero Unirme Ahora!<\/span>\n\t\t\t\t\t<\/span>\n\t\t\t\t\t<\/a>\n\t\t<\/div>\n\t\t\t\t<\/div>\n\t\t\t\t<\/div>\n\t\t\t\t\t<\/div>\n\t\t<\/div>\n\t\t\t\t\t<\/div>\n\t\t<\/section>\n\t\t\t\t<section data-particle_enable=\"false\" data-particle-mobile-disabled=\"false\" class=\"elementor-section elementor-top-section elementor-element elementor-element-cd83552 elementor-section-boxed elementor-section-height-default elementor-section-height-default\" data-id=\"cd83552\" data-element_type=\"section\">\n\t\t\t\t\t\t<div class=\"elementor-container elementor-column-gap-default\">\n\t\t\t\t\t<div class=\"elementor-column elementor-col-100 elementor-top-column elementor-element elementor-element-30a63fb\" data-id=\"30a63fb\" data-element_type=\"column\">\n\t\t\t<div class=\"elementor-widget-wrap elementor-element-populated\">\n\t\t\t\t\t\t<section data-particle_enable=\"false\" data-particle-mobile-disabled=\"false\" class=\"elementor-section elementor-inner-section elementor-element elementor-element-063aa5f elementor-section-boxed elementor-section-height-default elementor-section-height-default\" data-id=\"063aa5f\" data-element_type=\"section\">\n\t\t\t\t\t\t<div class=\"elementor-container elementor-column-gap-default\">\n\t\t\t\t\t<div class=\"elementor-column elementor-col-50 elementor-inner-column elementor-element elementor-element-5c1316d\" data-id=\"5c1316d\" data-element_type=\"column\">\n\t\t\t<div class=\"elementor-widget-wrap elementor-element-populated\">\n\t\t\t\t\t\t<div class=\"elementor-element elementor-element-2a0592e elementor-widget elementor-widget-image\" data-id=\"2a0592e\" data-element_type=\"widget\" data-widget_type=\"image.default\">\n\t\t\t\t<div class=\"elementor-widget-container\">\n\t\t\t\t\t\t\t\t\t\t\t\t\t<img loading=\"lazy\" decoding=\"async\" width=\"768\" height=\"1024\" src=\"https:\/\/psicologiaintegrativa.com.ar\/meditacion\/wp-content\/uploads\/2022\/06\/Sil-vertical-02-sin-fondo-768x1024.png\" class=\"attachment-large size-large wp-image-141\" alt=\"\" srcset=\"https:\/\/psicologiaintegrativa.com.ar\/meditacion\/wp-content\/uploads\/2022\/06\/Sil-vertical-02-sin-fondo-768x1024.png 768w, https:\/\/psicologiaintegrativa.com.ar\/meditacion\/wp-content\/uploads\/2022\/06\/Sil-vertical-02-sin-fondo-225x300.png 225w, https:\/\/psicologiaintegrativa.com.ar\/meditacion\/wp-content\/uploads\/2022\/06\/Sil-vertical-02-sin-fondo-1152x1536.png 1152w, https:\/\/psicologiaintegrativa.com.ar\/meditacion\/wp-content\/uploads\/2022\/06\/Sil-vertical-02-sin-fondo.png 1350w\" sizes=\"(max-width: 768px) 100vw, 768px\" \/>\t\t\t\t\t\t\t\t\t\t\t\t\t<\/div>\n\t\t\t\t<\/div>\n\t\t\t\t\t<\/div>\n\t\t<\/div>\n\t\t\t\t<div class=\"elementor-column elementor-col-50 elementor-inner-column elementor-element elementor-element-d9791b5\" data-id=\"d9791b5\" data-element_type=\"column\">\n\t\t\t<div class=\"elementor-widget-wrap elementor-element-populated\">\n\t\t\t\t\t\t<div class=\"elementor-element elementor-element-33f697c elementor-widget elementor-widget-text-editor\" data-id=\"33f697c\" data-element_type=\"widget\" data-widget_type=\"text-editor.default\">\n\t\t\t\t<div class=\"elementor-widget-container\">\n\t\t\t\t\t\t\t<p>Hola soy<\/p>\t\t\t\t\t\t<\/div>\n\t\t\t\t<\/div>\n\t\t\t\t<div class=\"elementor-element elementor-element-7e2aeaf elementor-widget elementor-widget-text-editor\" data-id=\"7e2aeaf\" data-element_type=\"widget\" data-widget_type=\"text-editor.default\">\n\t\t\t\t<div class=\"elementor-widget-container\">\n\t\t\t\t\t\t\t<p>Silvana Rafaniello<\/p>\t\t\t\t\t\t<\/div>\n\t\t\t\t<\/div>\n\t\t\t\t<div class=\"elementor-element elementor-element-183a325 elementor-widget elementor-widget-text-editor\" data-id=\"183a325\" data-element_type=\"widget\" data-widget_type=\"text-editor.default\">\n\t\t\t\t<div class=\"elementor-widget-container\">\n\t\t\t\t\t\t\t<p>Licenciada en Psicolog\u00eda, instructora de meditaci\u00f3n y de terapias alternativas para la integraci\u00f3n de cuerpo,\u00a0 mente y esp\u00edritu. Con mi tesina en orientaci\u00f3n vocacional ayudo a diario a personas en la b\u00fasqueda de su prop\u00f3sito, desarrollo personal y profesional.<\/p><p>Autora del libro \u201cBuscando al Maestro\u201d y \u201cC\u00f3mo hacer de la meditaci\u00f3n un h\u00e1bito\u201d. Fundadora de E.M.I , un espacio para el desarrollo de la consciencia y atenci\u00f3n plena.<\/p><p>Me dedico a la formaci\u00f3n de profesionales o no en diversas tem\u00e1ticas como la psicolog\u00eda, meditaci\u00f3n, t\u00e9cnicas energ\u00e9ticas y corporales. Adem\u00e1s a la atenci\u00f3n cl\u00ednica y vocacional.<\/p>\t\t\t\t\t\t<\/div>\n\t\t\t\t<\/div>\n\t\t\t\t\t<\/div>\n\t\t<\/div>\n\t\t\t\t\t<\/div>\n\t\t<\/section>\n\t\t\t\t\t<\/div>\n\t\t<\/div>\n\t\t\t\t\t<\/div>\n\t\t<\/section>\n\t\t\t\t<section data-particle_enable=\"false\" data-particle-mobile-disabled=\"false\" class=\"elementor-section elementor-top-section elementor-element elementor-element-9175dbd elementor-section-boxed elementor-section-height-default elementor-section-height-default\" data-id=\"9175dbd\" data-element_type=\"section\" data-settings=\"{&quot;background_background&quot;:&quot;gradient&quot;}\">\n\t\t\t\t\t\t<div class=\"elementor-container elementor-column-gap-default\">\n\t\t\t\t\t<div class=\"elementor-column elementor-col-100 elementor-top-column elementor-element elementor-element-0218de9\" data-id=\"0218de9\" data-element_type=\"column\">\n\t\t\t<div class=\"elementor-widget-wrap elementor-element-populated\">\n\t\t\t\t\t\t<div class=\"elementor-element elementor-element-a795264 elementor-widget elementor-widget-text-editor\" data-id=\"a795264\" data-element_type=\"widget\" data-widget_type=\"text-editor.default\">\n\t\t\t\t<div class=\"elementor-widget-container\">\n\t\t\t\t\t\t\t<p>Lo que dicen nuestros felices alumnos:<\/p>\t\t\t\t\t\t<\/div>\n\t\t\t\t<\/div>\n\t\t\t\t<div class=\"elementor-element elementor-element-579b91c elementor-testimonial--skin-bubble elementor-testimonial--align-left elementor-testimonial--layout-image_inline elementor-arrows-yes elementor-widget elementor-widget-testimonial-carousel\" data-id=\"579b91c\" data-element_type=\"widget\" data-settings=\"{&quot;slides_per_view&quot;:&quot;2&quot;,&quot;autoplay_speed&quot;:10000,&quot;show_arrows&quot;:&quot;yes&quot;,&quot;speed&quot;:500,&quot;autoplay&quot;:&quot;yes&quot;,&quot;loop&quot;:&quot;yes&quot;,&quot;pause_on_hover&quot;:&quot;yes&quot;,&quot;pause_on_interaction&quot;:&quot;yes&quot;,&quot;space_between&quot;:{&quot;unit&quot;:&quot;px&quot;,&quot;size&quot;:10,&quot;sizes&quot;:[]},&quot;space_between_tablet&quot;:{&quot;unit&quot;:&quot;px&quot;,&quot;size&quot;:10,&quot;sizes&quot;:[]},&quot;space_between_mobile&quot;:{&quot;unit&quot;:&quot;px&quot;,&quot;size&quot;:10,&quot;sizes&quot;:[]}}\" data-widget_type=\"testimonial-carousel.default\">\n\t\t\t\t<div class=\"elementor-widget-container\">\n\t\t\t<link rel=\"stylesheet\" href=\"https:\/\/psicologiaintegrativa.com.ar\/meditacion\/wp-content\/plugins\/elementor-pro\/assets\/css\/widget-carousel.min.css\">\t\t<div class=\"elementor-swiper\">\n\t\t\t<div class=\"elementor-main-swiper swiper\">\n\t\t\t\t<div class=\"swiper-wrapper\">\n\t\t\t\t\t\t\t\t\t\t\t<div class=\"swiper-slide\">\n\t\t\t\t\t\t\t\t\t<div class=\"elementor-testimonial\">\n\t\t\t\t\t\t\t<div class=\"elementor-testimonial__content\">\n\t\t\t\t\t<div class=\"elementor-testimonial__text\">\n\t\t\t\t\t\t\"Estaba con un dolor de rodilla hace semanas y meditando se alivi\u00f3 totalmente, de forma natural y simple. A la vez cambi\u00f3 mi estado emocional, pase de estar frustrado a estar motivado en mis tareas diarias. \u00a1Una herramienta incre\u00edble!\"\t\t\t\t\t<\/div>\n\t\t\t\t\t\t\t\t\t<\/div>\n\t\t\t\t\t\t<div class=\"elementor-testimonial__footer\">\n\t\t\t\t\t\t\t\t\t<div class=\"elementor-testimonial__image\">\n\t\t\t\t\t\t<img decoding=\"async\" src=\"https:\/\/psicologiaintegrativa.com.ar\/meditacion\/wp-content\/uploads\/2022\/07\/Jorge.jpeg\" alt=\"Jorge\">\n\t\t\t\t\t\t\t\t\t\t\t<\/div>\n\t\t\t\t\t\t\t\t<cite class=\"elementor-testimonial__cite\"><span class=\"elementor-testimonial__name\">Jorge<\/span><\/cite>\t\t\t<\/div>\n\t\t<\/div>\n\t\t\t\t\t\t\t\t<\/div>\n\t\t\t\t\t\t\t\t\t\t\t<div class=\"swiper-slide\">\n\t\t\t\t\t\t\t\t\t<div class=\"elementor-testimonial\">\n\t\t\t\t\t\t\t<div class=\"elementor-testimonial__content\">\n\t\t\t\t\t<div class=\"elementor-testimonial__text\">\n\t\t\t\t\t\t\"La meditaci\u00f3n me permiti\u00f3 poder escucharme m\u00e1s, saber lo que realmente quer\u00eda y me hace feliz. No me importa tanto la mirada de los dem\u00e1s y ahora no dependo de otros para decidir.\"\t\t\t\t\t<\/div>\n\t\t\t\t\t\t\t\t\t<\/div>\n\t\t\t\t\t\t<div class=\"elementor-testimonial__footer\">\n\t\t\t\t\t\t\t\t\t<div class=\"elementor-testimonial__image\">\n\t\t\t\t\t\t<img decoding=\"async\" src=\"https:\/\/psicologiaintegrativa.com.ar\/meditacion\/wp-content\/uploads\/2022\/07\/Celeste.jpeg\" alt=\"Celeste\">\n\t\t\t\t\t\t\t\t\t\t\t<\/div>\n\t\t\t\t\t\t\t\t<cite class=\"elementor-testimonial__cite\"><span class=\"elementor-testimonial__name\">Celeste<\/span><\/cite>\t\t\t<\/div>\n\t\t<\/div>\n\t\t\t\t\t\t\t\t<\/div>\n\t\t\t\t\t\t\t\t\t\t\t<div class=\"swiper-slide\">\n\t\t\t\t\t\t\t\t\t<div class=\"elementor-testimonial\">\n\t\t\t\t\t\t\t<div class=\"elementor-testimonial__content\">\n\t\t\t\t\t<div class=\"elementor-testimonial__text\">\n\t\t\t\t\t\t\"Este curso me ayud\u00f3 a generar h\u00e1bitos saludables. Estoy muy contento, siento la fuerza y la confianza para hacer lo que me proponga. Lo recomiendo 100%.\"\t\t\t\t\t<\/div>\n\t\t\t\t\t\t\t\t\t<\/div>\n\t\t\t\t\t\t<div class=\"elementor-testimonial__footer\">\n\t\t\t\t\t\t\t\t\t<div class=\"elementor-testimonial__image\">\n\t\t\t\t\t\t<img decoding=\"async\" src=\"https:\/\/psicologiaintegrativa.com.ar\/meditacion\/wp-content\/uploads\/2022\/07\/Raul.jpg\" alt=\"Ra\u00fal\">\n\t\t\t\t\t\t\t\t\t\t\t<\/div>\n\t\t\t\t\t\t\t\t<cite class=\"elementor-testimonial__cite\"><span class=\"elementor-testimonial__name\">Ra\u00fal<\/span><\/cite>\t\t\t<\/div>\n\t\t<\/div>\n\t\t\t\t\t\t\t\t<\/div>\n\t\t\t\t\t\t\t\t\t\t\t<div class=\"swiper-slide\">\n\t\t\t\t\t\t\t\t\t<div class=\"elementor-testimonial\">\n\t\t\t\t\t\t\t<div class=\"elementor-testimonial__content\">\n\t\t\t\t\t<div class=\"elementor-testimonial__text\">\n\t\t\t\t\t\t\"Desde que aprend\u00ed a meditar me siento m\u00e1s tranquila, no me afecta tanto lo que pasa a mi alrededor. Me siento m\u00e1s clara mentalmente y segura de m\u00ed misma gracias a este m\u00e9todo.\"\t\t\t\t\t<\/div>\n\t\t\t\t\t\t\t\t\t<\/div>\n\t\t\t\t\t\t<div class=\"elementor-testimonial__footer\">\n\t\t\t\t\t\t\t\t\t<div class=\"elementor-testimonial__image\">\n\t\t\t\t\t\t<img decoding=\"async\" src=\"https:\/\/psicologiaintegrativa.com.ar\/meditacion\/wp-content\/uploads\/2022\/07\/Veronica.jpeg\" alt=\"Ver\u00f3nica\">\n\t\t\t\t\t\t\t\t\t\t\t<\/div>\n\t\t\t\t\t\t\t\t<cite class=\"elementor-testimonial__cite\"><span class=\"elementor-testimonial__name\">Ver\u00f3nica<\/span><\/cite>\t\t\t<\/div>\n\t\t<\/div>\n\t\t\t\t\t\t\t\t<\/div>\n\t\t\t\t\t\t\t\t\t<\/div>\n\t\t\t\t\t\t\t\t\t\t\t\t\t\t\t\t\t\t\t\t<div class=\"elementor-swiper-button elementor-swiper-button-prev\" role=\"button\" tabindex=\"0\">\n\t\t\t\t\t\t\t<i aria-hidden=\"true\" class=\"eicon-chevron-left\"><\/i>\t\t\t\t\t\t\t<span class=\"elementor-screen-only\">Previous<\/span>\n\t\t\t\t\t\t<\/div>\n\t\t\t\t\t\t<div class=\"elementor-swiper-button elementor-swiper-button-next\" role=\"button\" tabindex=\"0\">\n\t\t\t\t\t\t\t<i aria-hidden=\"true\" class=\"eicon-chevron-right\"><\/i>\t\t\t\t\t\t\t<span class=\"elementor-screen-only\">Next<\/span>\n\t\t\t\t\t\t<\/div>\n\t\t\t\t\t\t\t\t\t\t\t\t<\/div>\n\t\t<\/div>\n\t\t\t\t<\/div>\n\t\t\t\t<\/div>\n\t\t\t\t\t<\/div>\n\t\t<\/div>\n\t\t\t\t\t<\/div>\n\t\t<\/section>\n\t\t\t\t<section data-particle_enable=\"false\" data-particle-mobile-disabled=\"false\" class=\"elementor-section elementor-top-section elementor-element elementor-element-4cae8b9 elementor-section-boxed elementor-section-height-default elementor-section-height-default\" data-id=\"4cae8b9\" data-element_type=\"section\">\n\t\t\t\t\t\t<div class=\"elementor-container elementor-column-gap-default\">\n\t\t\t\t\t<div class=\"elementor-column elementor-col-100 elementor-top-column elementor-element elementor-element-bad17e2\" data-id=\"bad17e2\" data-element_type=\"column\">\n\t\t\t<div class=\"elementor-widget-wrap elementor-element-populated\">\n\t\t\t\t\t\t<section data-particle_enable=\"false\" data-particle-mobile-disabled=\"false\" class=\"elementor-section elementor-inner-section elementor-element elementor-element-a2e38ea elementor-section-boxed elementor-section-height-default elementor-section-height-default\" data-id=\"a2e38ea\" data-element_type=\"section\">\n\t\t\t\t\t\t<div class=\"elementor-container elementor-column-gap-default\">\n\t\t\t\t\t<div class=\"elementor-column elementor-col-50 elementor-inner-column elementor-element elementor-element-944ae90\" data-id=\"944ae90\" data-element_type=\"column\">\n\t\t\t<div class=\"elementor-widget-wrap elementor-element-populated\">\n\t\t\t\t\t\t<div class=\"elementor-element elementor-element-5fe8c5e elementor-widget elementor-widget-text-editor\" data-id=\"5fe8c5e\" data-element_type=\"widget\" data-widget_type=\"text-editor.default\">\n\t\t\t\t<div class=\"elementor-widget-container\">\n\t\t\t\t\t\t\t<p>Programa y Formato del Curso<\/p>\t\t\t\t\t\t<\/div>\n\t\t\t\t<\/div>\n\t\t\t\t<div class=\"elementor-element elementor-element-1212b3b elementor-widget elementor-widget-image\" data-id=\"1212b3b\" data-element_type=\"widget\" data-widget_type=\"image.default\">\n\t\t\t\t<div class=\"elementor-widget-container\">\n\t\t\t\t\t\t\t\t\t\t\t\t\t<img loading=\"lazy\" decoding=\"async\" width=\"800\" height=\"467\" src=\"https:\/\/psicologiaintegrativa.com.ar\/meditacion\/wp-content\/uploads\/2022\/07\/portada-curso-laptop.png\" class=\"attachment-large size-large wp-image-1221\" alt=\"\" srcset=\"https:\/\/psicologiaintegrativa.com.ar\/meditacion\/wp-content\/uploads\/2022\/07\/portada-curso-laptop.png 1018w, https:\/\/psicologiaintegrativa.com.ar\/meditacion\/wp-content\/uploads\/2022\/07\/portada-curso-laptop-300x175.png 300w, https:\/\/psicologiaintegrativa.com.ar\/meditacion\/wp-content\/uploads\/2022\/07\/portada-curso-laptop-768x448.png 768w\" sizes=\"(max-width: 800px) 100vw, 800px\" \/>\t\t\t\t\t\t\t\t\t\t\t\t\t<\/div>\n\t\t\t\t<\/div>\n\t\t\t\t<div class=\"elementor-element elementor-element-5ddc962 elementor-widget elementor-widget-text-editor\" data-id=\"5ddc962\" data-element_type=\"widget\" data-widget_type=\"text-editor.default\">\n\t\t\t\t<div class=\"elementor-widget-container\">\n\t\t\t\t\t\t\t<p>Estas clases te aportar\u00e1n la informaci\u00f3n necesaria para saber c\u00f3mo parar los pensamientos negativos, calmar la ansiedad y el estr\u00e9s, controlar los enojos, superar miedos entre otras cosas.<\/p><p>A trav\u00e9s del enfoque mental ver\u00e1s ejercicios para favorecer la concentraci\u00f3n y la memoria para el estudio, para el trabajo, en una conversaci\u00f3n, en cualquier objetivo que tengas.<\/p><p>Saber c\u00f3mo funciona el cerebro cuando se quiere incorporar un nuevo habito, los mitos, conocer cu\u00e1les son tus excusas y si tus expectativas son acordes a tu realidad.<\/p><p>Este curso te va a ayudar en todos los aspectos para que la meditaci\u00f3n no solo se convierta en un h\u00e1bito de un rato por d\u00eda sino en la vida diaria en cualquier situaci\u00f3n que se te presente.<\/p><p>Para los ansiosos que les cueste quedarse quieto tambi\u00e9n hay estrategas de trabajo para que pueda familiarizarse con la pr\u00e1ctica.<\/p>\t\t\t\t\t\t<\/div>\n\t\t\t\t<\/div>\n\t\t\t\t<div class=\"elementor-element elementor-element-7fceb46 elementor-widget elementor-widget-text-editor\" data-id=\"7fceb46\" data-element_type=\"widget\" data-widget_type=\"text-editor.default\">\n\t\t\t\t<div class=\"elementor-widget-container\">\n\t\t\t\t\t\t\t<p>\u00a1Mira este video para conocer los aspectos m\u00e1s destacados del curso!<\/p>\t\t\t\t\t\t<\/div>\n\t\t\t\t<\/div>\n\t\t\t\t<div class=\"elementor-element elementor-element-5d2440f elementor-widget elementor-widget-text-editor\" data-id=\"5d2440f\" data-element_type=\"widget\" data-widget_type=\"text-editor.default\">\n\t\t\t\t<div class=\"elementor-widget-container\">\n\t\t\t\t\t\t\t<script src=\"https:\/\/fast.wistia.com\/embed\/medias\/obvlo4ppns.jsonp\" async><\/script><script src=\"https:\/\/fast.wistia.com\/assets\/external\/E-v1.js\" async><\/script><div class=\"wistia_responsive_padding\" style=\"padding:56.25% 0 0 0;position:relative;\"><div class=\"wistia_responsive_wrapper\" style=\"height:100%;left:0;position:absolute;top:0;width:100%;\"><span class=\"wistia_embed wistia_async_obvlo4ppns popover=true popoverAnimateThumbnail=true videoFoam=true\" style=\"display:inline-block;height:100%;position:relative;width:100%\">&nbsp;<\/span><\/div><\/div>\t\t\t\t\t\t<\/div>\n\t\t\t\t<\/div>\n\t\t\t\t<section data-particle_enable=\"false\" data-particle-mobile-disabled=\"false\" class=\"elementor-section elementor-inner-section elementor-element elementor-element-8c23175 elementor-section-boxed elementor-section-height-default elementor-section-height-default elementor-invisible\" data-id=\"8c23175\" data-element_type=\"section\" data-settings=\"{&quot;animation&quot;:&quot;fadeIn&quot;,&quot;animation_mobile&quot;:&quot;fadeIn&quot;,&quot;animation_delay&quot;:150000}\">\n\t\t\t\t\t\t<div class=\"elementor-container elementor-column-gap-default\">\n\t\t\t\t\t<div class=\"elementor-column elementor-col-100 elementor-inner-column elementor-element elementor-element-cce51c3\" data-id=\"cce51c3\" data-element_type=\"column\">\n\t\t\t<div class=\"elementor-widget-wrap elementor-element-populated\">\n\t\t\t\t\t\t<div class=\"elementor-element elementor-element-1b9cd4b elementor-align-justify boton12 elementor-widget elementor-widget-button\" data-id=\"1b9cd4b\" data-element_type=\"widget\" data-widget_type=\"button.default\">\n\t\t\t\t<div class=\"elementor-widget-container\">\n\t\t\t\t\t<div class=\"elementor-button-wrapper\">\n\t\t\t<a class=\"elementor-button elementor-button-link elementor-size-lg\" href=\"#comprar\">\n\t\t\t\t\t\t<span class=\"elementor-button-content-wrapper\">\n\t\t\t\t\t\t\t\t\t<span class=\"elementor-button-text\">\u00a1QUIERO UNIRME AHORA!<\/span>\n\t\t\t\t\t<\/span>\n\t\t\t\t\t<\/a>\n\t\t<\/div>\n\t\t\t\t<\/div>\n\t\t\t\t<\/div>\n\t\t\t\t\t<\/div>\n\t\t<\/div>\n\t\t\t\t\t<\/div>\n\t\t<\/section>\n\t\t\t\t<div class=\"elementor-element elementor-element-930c91e elementor-widget elementor-widget-text-editor\" data-id=\"930c91e\" data-element_type=\"widget\" data-widget_type=\"text-editor.default\">\n\t\t\t\t<div class=\"elementor-widget-container\">\n\t\t\t\t\t\t\t<p>El Programa del curso se divide en 8 M\u00f3dulos:<\/p><ol><li>Qu\u00e9 pasa cuando quiero generar un nuevo h\u00e1bito<\/li><li>Componentes a tener en cuenta en una meditaci\u00f3n<\/li><li>Ejercicios para lograr la concentraci\u00f3n en el estudio, en una conversaci\u00f3n, etc.<\/li><li>Meditaci\u00f3n activa para los que sufren de ansiedad<\/li><li>Meditaciones para aliviar el estr\u00e9s, la ansiedad, los enojos y los miedos<\/li><li>C\u00f3mo lograr el silencio mental en la vida diaria<\/li><li>Meditaciones paso a paso para generar el h\u00e1bito<\/li><li>Final del curso<\/li><\/ol>\t\t\t\t\t\t<\/div>\n\t\t\t\t<\/div>\n\t\t\t\t<div class=\"elementor-element elementor-element-058d66b elementor-widget elementor-widget-text-editor\" data-id=\"058d66b\" data-element_type=\"widget\" data-widget_type=\"text-editor.default\">\n\t\t\t\t<div class=\"elementor-widget-container\">\n\t\t\t\t\t\t\t<p>Manual <b>\u00abC\u00f3mo hacer de la meditaci\u00f3n un h\u00e1bito\u00bb<\/b><\/p>\t\t\t\t\t\t<\/div>\n\t\t\t\t<\/div>\n\t\t\t\t<div class=\"elementor-element elementor-element-ee97c8f elementor-widget elementor-widget-image\" data-id=\"ee97c8f\" data-element_type=\"widget\" data-widget_type=\"image.default\">\n\t\t\t\t<div class=\"elementor-widget-container\">\n\t\t\t\t\t\t\t\t\t\t\t\t\t<img loading=\"lazy\" decoding=\"async\" width=\"435\" height=\"340\" src=\"https:\/\/psicologiaintegrativa.com.ar\/meditacion\/wp-content\/uploads\/2022\/06\/manual-meditacion.png\" class=\"attachment-large size-large wp-image-761\" alt=\"\" srcset=\"https:\/\/psicologiaintegrativa.com.ar\/meditacion\/wp-content\/uploads\/2022\/06\/manual-meditacion.png 435w, https:\/\/psicologiaintegrativa.com.ar\/meditacion\/wp-content\/uploads\/2022\/06\/manual-meditacion-300x234.png 300w\" sizes=\"(max-width: 435px) 100vw, 435px\" \/>\t\t\t\t\t\t\t\t\t\t\t\t\t<\/div>\n\t\t\t\t<\/div>\n\t\t\t\t<div class=\"elementor-element elementor-element-450fbf5 elementor-widget elementor-widget-text-editor\" data-id=\"450fbf5\" data-element_type=\"widget\" data-widget_type=\"text-editor.default\">\n\t\t\t\t<div class=\"elementor-widget-container\">\n\t\t\t\t\t\t\t<p>Esta gu\u00eda es para principiantes, para personas que nunca meditaron y no saben por d\u00f3nde empezar como para quienes han hecho esta pr\u00e1ctica, pero les cueste adaptarla a sus rutinas. Saber c\u00f3mo funciona el cerebro cuando se desea incorporar un nuevo h\u00e1bito y por qu\u00e9 resulta tan dif\u00edcil.<\/p><p>Te aseguro que, si vas cumpliendo con las pr\u00e1cticas d\u00eda a d\u00eda, se incrementar\u00e1 tu estado de consciencia, d\u00e1ndote beneficios jam\u00e1s pensados o esperados, sorprendi\u00e9ndote diariamente con el poder que habita en ti.<\/p>\t\t\t\t\t\t<\/div>\n\t\t\t\t<\/div>\n\t\t\t\t\t<\/div>\n\t\t<\/div>\n\t\t\t\t<div class=\"elementor-column elementor-col-50 elementor-inner-column elementor-element elementor-element-3dd6498\" data-id=\"3dd6498\" data-element_type=\"column\">\n\t\t\t<div class=\"elementor-widget-wrap elementor-element-populated\">\n\t\t\t\t\t\t<div class=\"elementor-element elementor-element-e60c374 elementor-widget elementor-widget-text-editor\" data-id=\"e60c374\" data-element_type=\"widget\" data-widget_type=\"text-editor.default\">\n\t\t\t\t<div class=\"elementor-widget-container\">\n\t\t\t\t\t\t\t<p><b>Pack de 7 meditaciones <\/b>con prop\u00f3sitos espec\u00edficos<\/p>\t\t\t\t\t\t<\/div>\n\t\t\t\t<\/div>\n\t\t\t\t<div class=\"elementor-element elementor-element-1aeaadd elementor-widget elementor-widget-image\" data-id=\"1aeaadd\" data-element_type=\"widget\" data-widget_type=\"image.default\">\n\t\t\t\t<div class=\"elementor-widget-container\">\n\t\t\t\t\t\t\t\t\t\t\t\t\t<img loading=\"lazy\" decoding=\"async\" width=\"800\" height=\"526\" src=\"https:\/\/psicologiaintegrativa.com.ar\/meditacion\/wp-content\/uploads\/2022\/07\/Video-Silvana-Miniatura.png\" class=\"attachment-large size-large wp-image-1018\" alt=\"\" srcset=\"https:\/\/psicologiaintegrativa.com.ar\/meditacion\/wp-content\/uploads\/2022\/07\/Video-Silvana-Miniatura.png 981w, https:\/\/psicologiaintegrativa.com.ar\/meditacion\/wp-content\/uploads\/2022\/07\/Video-Silvana-Miniatura-300x197.png 300w, https:\/\/psicologiaintegrativa.com.ar\/meditacion\/wp-content\/uploads\/2022\/07\/Video-Silvana-Miniatura-768x505.png 768w\" sizes=\"(max-width: 800px) 100vw, 800px\" \/>\t\t\t\t\t\t\t\t\t\t\t\t\t<\/div>\n\t\t\t\t<\/div>\n\t\t\t\t<div class=\"elementor-element elementor-element-2a73d99 elementor-widget elementor-widget-text-editor\" data-id=\"2a73d99\" data-element_type=\"widget\" data-widget_type=\"text-editor.default\">\n\t\t\t\t<div class=\"elementor-widget-container\">\n\t\t\t\t\t\t\t<p>Este pack de 7 meditaciones te permitir\u00e1 sanar un problema en espec\u00edfico.<\/p><ul><li>Conectar con la fuerza de voluntad<\/li><li>Activar la abundancia<\/li><li>Sanaci\u00f3n<\/li><li>Conectar con la belleza y la unidad<\/li><li>Cierre de etapas y nuevos comienzos<\/li><li>Conectar con el conocimiento<\/li><li>Conectar con el inconsciente<\/li><\/ul>\t\t\t\t\t\t<\/div>\n\t\t\t\t<\/div>\n\t\t\t\t<div class=\"elementor-element elementor-element-ac178ea elementor-widget elementor-widget-text-editor\" data-id=\"ac178ea\" data-element_type=\"widget\" data-widget_type=\"text-editor.default\">\n\t\t\t\t<div class=\"elementor-widget-container\">\n\t\t\t\t\t\t\t<p>Cartas Virtuales<\/p>\t\t\t\t\t\t<\/div>\n\t\t\t\t<\/div>\n\t\t\t\t<div class=\"elementor-element elementor-element-e3177b3 elementor-widget elementor-widget-image\" data-id=\"e3177b3\" data-element_type=\"widget\" data-widget_type=\"image.default\">\n\t\t\t\t<div class=\"elementor-widget-container\">\n\t\t\t\t\t\t\t\t\t\t\t\t\t<img loading=\"lazy\" decoding=\"async\" width=\"800\" height=\"590\" src=\"https:\/\/psicologiaintegrativa.com.ar\/meditacion\/wp-content\/uploads\/2022\/07\/Cartas-angeles.png\" class=\"attachment-large size-large wp-image-1019\" alt=\"\" srcset=\"https:\/\/psicologiaintegrativa.com.ar\/meditacion\/wp-content\/uploads\/2022\/07\/Cartas-angeles.png 859w, https:\/\/psicologiaintegrativa.com.ar\/meditacion\/wp-content\/uploads\/2022\/07\/Cartas-angeles-300x221.png 300w, https:\/\/psicologiaintegrativa.com.ar\/meditacion\/wp-content\/uploads\/2022\/07\/Cartas-angeles-768x566.png 768w\" sizes=\"(max-width: 800px) 100vw, 800px\" \/>\t\t\t\t\t\t\t\t\t\t\t\t\t<\/div>\n\t\t\t\t<\/div>\n\t\t\t\t<div class=\"elementor-element elementor-element-0f18fd9 elementor-widget elementor-widget-text-editor\" data-id=\"0f18fd9\" data-element_type=\"widget\" data-widget_type=\"text-editor.default\">\n\t\t\t\t<div class=\"elementor-widget-container\">\n\t\t\t\t\t\t\t<p>Estas cartas virtuales te van a ayudar a escoger la meditaci\u00f3n mas adecuada seg\u00fan la situaci\u00f3n que est\u00e1s experimentando en ese momento.\u00a0<\/p><p>Podr\u00e1s acceder de forma virtual tantas veces como lo desees.<\/p>\t\t\t\t\t\t<\/div>\n\t\t\t\t<\/div>\n\t\t\t\t<div class=\"elementor-element elementor-element-c6ac151 elementor-widget elementor-widget-text-editor\" data-id=\"c6ac151\" data-element_type=\"widget\" data-widget_type=\"text-editor.default\">\n\t\t\t\t<div class=\"elementor-widget-container\">\n\t\t\t\t\t\t\t<p>Certificado de finalizaci\u00f3n de curso<\/p>\t\t\t\t\t\t<\/div>\n\t\t\t\t<\/div>\n\t\t\t\t<div class=\"elementor-element elementor-element-a37815b elementor-widget elementor-widget-image\" data-id=\"a37815b\" data-element_type=\"widget\" data-widget_type=\"image.default\">\n\t\t\t\t<div class=\"elementor-widget-container\">\n\t\t\t\t\t\t\t\t\t\t\t\t\t<img loading=\"lazy\" decoding=\"async\" width=\"700\" height=\"495\" src=\"https:\/\/psicologiaintegrativa.com.ar\/meditacion\/wp-content\/uploads\/2022\/06\/certificado-meditacion-2.jpg\" class=\"attachment-large size-large wp-image-687\" alt=\"\" srcset=\"https:\/\/psicologiaintegrativa.com.ar\/meditacion\/wp-content\/uploads\/2022\/06\/certificado-meditacion-2.jpg 700w, https:\/\/psicologiaintegrativa.com.ar\/meditacion\/wp-content\/uploads\/2022\/06\/certificado-meditacion-2-300x212.jpg 300w\" sizes=\"(max-width: 700px) 100vw, 700px\" \/>\t\t\t\t\t\t\t\t\t\t\t\t\t<\/div>\n\t\t\t\t<\/div>\n\t\t\t\t<div class=\"elementor-element elementor-element-754cc36 elementor-widget elementor-widget-text-editor\" data-id=\"754cc36\" data-element_type=\"widget\" data-widget_type=\"text-editor.default\">\n\t\t\t\t<div class=\"elementor-widget-container\">\n\t\t\t\t\t\t\t<p>Usualmente la certificaci\u00f3n del curso tiene costo adicional, pero en este caso la incluimos en esta promoci\u00f3n para que aproveches. Nuestro certificado tiene c\u00f3digo QR de validaci\u00f3n.<\/p>\t\t\t\t\t\t<\/div>\n\t\t\t\t<\/div>\n\t\t\t\t<div class=\"elementor-element elementor-element-2924f11 elementor-widget elementor-widget-text-editor\" data-id=\"2924f11\" data-element_type=\"widget\" data-widget_type=\"text-editor.default\">\n\t\t\t\t<div class=\"elementor-widget-container\">\n\t\t\t\t\t\t\t<p>Comunidad exclusiva en Telegram<\/p>\t\t\t\t\t\t<\/div>\n\t\t\t\t<\/div>\n\t\t\t\t<div class=\"elementor-element elementor-element-e472ead elementor-widget elementor-widget-image\" data-id=\"e472ead\" data-element_type=\"widget\" data-widget_type=\"image.default\">\n\t\t\t\t<div class=\"elementor-widget-container\">\n\t\t\t\t\t\t\t\t\t\t\t\t\t<img loading=\"lazy\" decoding=\"async\" width=\"633\" height=\"475\" src=\"https:\/\/psicologiaintegrativa.com.ar\/meditacion\/wp-content\/uploads\/2022\/06\/telegram-g2.jpg\" class=\"attachment-large size-large wp-image-767\" alt=\"\" srcset=\"https:\/\/psicologiaintegrativa.com.ar\/meditacion\/wp-content\/uploads\/2022\/06\/telegram-g2.jpg 633w, https:\/\/psicologiaintegrativa.com.ar\/meditacion\/wp-content\/uploads\/2022\/06\/telegram-g2-300x225.jpg 300w\" sizes=\"(max-width: 633px) 100vw, 633px\" \/>\t\t\t\t\t\t\t\t\t\t\t\t\t<\/div>\n\t\t\t\t<\/div>\n\t\t\t\t<div class=\"elementor-element elementor-element-a0fd361 elementor-widget elementor-widget-text-editor\" data-id=\"a0fd361\" data-element_type=\"widget\" data-widget_type=\"text-editor.default\">\n\t\t\t\t<div class=\"elementor-widget-container\">\n\t\t\t\t\t\t\t<p>Todos nuestros alumnos tienen acceso al grupo exclusivo de Telegram, en donde compartimos experiencias, dudas y consultas. Siempre estar\u00e1s en compa\u00f1\u00eda!<\/p>\t\t\t\t\t\t<\/div>\n\t\t\t\t<\/div>\n\t\t\t\t\t<\/div>\n\t\t<\/div>\n\t\t\t\t\t<\/div>\n\t\t<\/section>\n\t\t\t\t\t<\/div>\n\t\t<\/div>\n\t\t\t\t\t<\/div>\n\t\t<\/section>\n\t\t\t\t<section data-particle_enable=\"false\" data-particle-mobile-disabled=\"false\" class=\"elementor-section elementor-top-section elementor-element elementor-element-322eddf elementor-section-boxed elementor-section-height-default elementor-section-height-default\" data-id=\"322eddf\" data-element_type=\"section\" data-settings=\"{&quot;background_background&quot;:&quot;gradient&quot;}\">\n\t\t\t\t\t\t<div class=\"elementor-container elementor-column-gap-default\">\n\t\t\t\t\t<div class=\"elementor-column elementor-col-100 elementor-top-column elementor-element elementor-element-3f553c2\" data-id=\"3f553c2\" data-element_type=\"column\">\n\t\t\t<div class=\"elementor-widget-wrap elementor-element-populated\">\n\t\t\t\t\t\t<section data-particle_enable=\"false\" data-particle-mobile-disabled=\"false\" class=\"elementor-section elementor-inner-section elementor-element elementor-element-3af83b4 elementor-section-boxed elementor-section-height-default elementor-section-height-default\" data-id=\"3af83b4\" data-element_type=\"section\">\n\t\t\t\t\t\t<div class=\"elementor-container elementor-column-gap-default\">\n\t\t\t\t\t<div class=\"elementor-column elementor-col-33 elementor-inner-column elementor-element elementor-element-85b0fc2\" data-id=\"85b0fc2\" data-element_type=\"column\">\n\t\t\t<div class=\"elementor-widget-wrap elementor-element-populated\">\n\t\t\t\t\t\t<div class=\"elementor-element elementor-element-ed3c778 elementor-widget elementor-widget-image\" data-id=\"ed3c778\" data-element_type=\"widget\" data-widget_type=\"image.default\">\n\t\t\t\t<div class=\"elementor-widget-container\">\n\t\t\t\t\t\t\t\t\t\t\t\t\t<img loading=\"lazy\" decoding=\"async\" width=\"768\" height=\"1024\" src=\"https:\/\/psicologiaintegrativa.com.ar\/meditacion\/wp-content\/uploads\/2022\/06\/Sil-vertical-02-sin-fondo-768x1024.png\" class=\"attachment-large size-large wp-image-141\" alt=\"\" srcset=\"https:\/\/psicologiaintegrativa.com.ar\/meditacion\/wp-content\/uploads\/2022\/06\/Sil-vertical-02-sin-fondo-768x1024.png 768w, https:\/\/psicologiaintegrativa.com.ar\/meditacion\/wp-content\/uploads\/2022\/06\/Sil-vertical-02-sin-fondo-225x300.png 225w, https:\/\/psicologiaintegrativa.com.ar\/meditacion\/wp-content\/uploads\/2022\/06\/Sil-vertical-02-sin-fondo-1152x1536.png 1152w, https:\/\/psicologiaintegrativa.com.ar\/meditacion\/wp-content\/uploads\/2022\/06\/Sil-vertical-02-sin-fondo.png 1350w\" sizes=\"(max-width: 768px) 100vw, 768px\" \/>\t\t\t\t\t\t\t\t\t\t\t\t\t<\/div>\n\t\t\t\t<\/div>\n\t\t\t\t\t<\/div>\n\t\t<\/div>\n\t\t\t\t<div class=\"elementor-column elementor-col-33 elementor-inner-column elementor-element elementor-element-59a78b5\" data-id=\"59a78b5\" data-element_type=\"column\">\n\t\t\t<div class=\"elementor-widget-wrap\">\n\t\t\t\t\t\t\t<\/div>\n\t\t<\/div>\n\t\t\t\t<div class=\"elementor-column elementor-col-33 elementor-inner-column elementor-element elementor-element-5829e04\" data-id=\"5829e04\" data-element_type=\"column\">\n\t\t\t<div class=\"elementor-widget-wrap elementor-element-populated\">\n\t\t\t\t\t\t<div class=\"elementor-element elementor-element-e3b7ee6 elementor-widget elementor-widget-text-editor\" data-id=\"e3b7ee6\" data-element_type=\"widget\" data-widget_type=\"text-editor.default\">\n\t\t\t\t<div class=\"elementor-widget-container\">\n\t\t\t\t\t\t\t<p>\u00abIgual que tu, he experimentado momentos en mi vida en los que no pod\u00eda parar mi mente dej\u00e1ndome ganar por mi hiperactividad y ansiedad desencadenando un gran estr\u00e9s. Este estilo de vida no me permit\u00eda un registro claro de mis emociones, trayendo dificultades en conectar con el vac\u00edo y el disfrute de la vida.<\/p><p>Esta situaci\u00f3n me llev\u00f3 a buscar diversos conocimientos para aliviar esa ansiedad y me he dado cuenta que la meditaci\u00f3n es lo que realmente cambi\u00f3 mi vida de una forma m\u00e1s profunda. Todo estaba mediado por una adecuada respiraci\u00f3n, un buen entrenamiento de la mente para poder cambiar la percepci\u00f3n generando otro estado emocional y mental. La meditaci\u00f3n es el eje de toda transformaci\u00f3n\u00bb.<\/p>\t\t\t\t\t\t<\/div>\n\t\t\t\t<\/div>\n\t\t\t\t\t<\/div>\n\t\t<\/div>\n\t\t\t\t\t<\/div>\n\t\t<\/section>\n\t\t\t\t\t<\/div>\n\t\t<\/div>\n\t\t\t\t\t<\/div>\n\t\t<\/section>\n\t\t\t\t<section data-particle_enable=\"false\" data-particle-mobile-disabled=\"false\" class=\"elementor-section elementor-top-section elementor-element elementor-element-7686954 elementor-section-boxed elementor-section-height-default elementor-section-height-default\" data-id=\"7686954\" data-element_type=\"section\">\n\t\t\t\t\t\t<div class=\"elementor-container elementor-column-gap-default\">\n\t\t\t\t\t<div class=\"elementor-column elementor-col-100 elementor-top-column elementor-element elementor-element-a34461b\" data-id=\"a34461b\" data-element_type=\"column\">\n\t\t\t<div class=\"elementor-widget-wrap elementor-element-populated\">\n\t\t\t\t\t\t<div class=\"elementor-element elementor-element-d35c989 elementor-widget elementor-widget-text-editor\" data-id=\"d35c989\" data-element_type=\"widget\" data-widget_type=\"text-editor.default\">\n\t\t\t\t<div class=\"elementor-widget-container\">\n\t\t\t\t\t\t\t<p>TEMARIO<\/p>\t\t\t\t\t\t<\/div>\n\t\t\t\t<\/div>\n\t\t\t\t<section data-particle_enable=\"false\" data-particle-mobile-disabled=\"false\" class=\"elementor-section elementor-inner-section elementor-element elementor-element-f9633a5 elementor-section-boxed elementor-section-height-default elementor-section-height-default\" data-id=\"f9633a5\" data-element_type=\"section\">\n\t\t\t\t\t\t<div class=\"elementor-container elementor-column-gap-default\">\n\t\t\t\t\t<div class=\"elementor-column elementor-col-50 elementor-inner-column elementor-element elementor-element-0d6e5fb\" data-id=\"0d6e5fb\" data-element_type=\"column\">\n\t\t\t<div class=\"elementor-widget-wrap elementor-element-populated\">\n\t\t\t\t\t\t<div class=\"elementor-element elementor-element-4de623a elementor-widget elementor-widget-image\" data-id=\"4de623a\" data-element_type=\"widget\" data-widget_type=\"image.default\">\n\t\t\t\t<div class=\"elementor-widget-container\">\n\t\t\t\t\t\t\t\t\t\t\t\t\t<img loading=\"lazy\" decoding=\"async\" width=\"800\" height=\"533\" src=\"https:\/\/psicologiaintegrativa.com.ar\/meditacion\/wp-content\/uploads\/2022\/07\/1-1-1024x682.png\" class=\"attachment-large size-large wp-image-1376\" alt=\"\" srcset=\"https:\/\/psicologiaintegrativa.com.ar\/meditacion\/wp-content\/uploads\/2022\/07\/1-1-1024x682.png 1024w, https:\/\/psicologiaintegrativa.com.ar\/meditacion\/wp-content\/uploads\/2022\/07\/1-1-300x200.png 300w, https:\/\/psicologiaintegrativa.com.ar\/meditacion\/wp-content\/uploads\/2022\/07\/1-1-768x512.png 768w, https:\/\/psicologiaintegrativa.com.ar\/meditacion\/wp-content\/uploads\/2022\/07\/1-1.png 1232w\" sizes=\"(max-width: 800px) 100vw, 800px\" \/>\t\t\t\t\t\t\t\t\t\t\t\t\t<\/div>\n\t\t\t\t<\/div>\n\t\t\t\t\t<\/div>\n\t\t<\/div>\n\t\t\t\t<div class=\"elementor-column elementor-col-50 elementor-inner-column elementor-element elementor-element-9505539\" data-id=\"9505539\" data-element_type=\"column\">\n\t\t\t<div class=\"elementor-widget-wrap elementor-element-populated\">\n\t\t\t\t\t\t<div class=\"elementor-element elementor-element-0c8f00c elementor-widget elementor-widget-text-editor\" data-id=\"0c8f00c\" data-element_type=\"widget\" data-widget_type=\"text-editor.default\">\n\t\t\t\t<div class=\"elementor-widget-container\">\n\t\t\t\t\t\t\t<p>M\u00f3dulo 1:&nbsp;\u00bfQu\u00e9 pasa cuando quiero generar un nuevo h\u00e1bito?<\/p>\t\t\t\t\t\t<\/div>\n\t\t\t\t<\/div>\n\t\t\t\t<div class=\"elementor-element elementor-element-d224172 elementor-widget elementor-widget-text-editor\" data-id=\"d224172\" data-element_type=\"widget\" data-widget_type=\"text-editor.default\">\n\t\t\t\t<div class=\"elementor-widget-container\">\n\t\t\t\t\t\t\t<ul><li>El mito de la mente en blanco<\/li><li>Superando obst\u00e1culos en la meditaci\u00f3n<\/li><li>Expectativas vs. RealidadRecuerda.<\/li><li>Menos es Mas<\/li><li>El cerebro y los nuevos h\u00e1bitos<\/li><li>Glosario<\/li><\/ul>\t\t\t\t\t\t<\/div>\n\t\t\t\t<\/div>\n\t\t\t\t\t<\/div>\n\t\t<\/div>\n\t\t\t\t\t<\/div>\n\t\t<\/section>\n\t\t\t\t<section data-particle_enable=\"false\" data-particle-mobile-disabled=\"false\" class=\"elementor-section elementor-inner-section elementor-element elementor-element-421d7b8 elementor-section-boxed elementor-section-height-default elementor-section-height-default\" data-id=\"421d7b8\" data-element_type=\"section\">\n\t\t\t\t\t\t<div class=\"elementor-container elementor-column-gap-default\">\n\t\t\t\t\t<div class=\"elementor-column elementor-col-50 elementor-inner-column elementor-element elementor-element-2cbf33c\" data-id=\"2cbf33c\" data-element_type=\"column\">\n\t\t\t<div class=\"elementor-widget-wrap elementor-element-populated\">\n\t\t\t\t\t\t<div class=\"elementor-element elementor-element-d0c4778 elementor-widget elementor-widget-image\" data-id=\"d0c4778\" data-element_type=\"widget\" data-widget_type=\"image.default\">\n\t\t\t\t<div class=\"elementor-widget-container\">\n\t\t\t\t\t\t\t\t\t\t\t\t\t<img loading=\"lazy\" decoding=\"async\" width=\"800\" height=\"533\" src=\"https:\/\/psicologiaintegrativa.com.ar\/meditacion\/wp-content\/uploads\/2022\/07\/2-1024x682.png\" class=\"attachment-large size-large wp-image-1377\" alt=\"\" srcset=\"https:\/\/psicologiaintegrativa.com.ar\/meditacion\/wp-content\/uploads\/2022\/07\/2-1024x682.png 1024w, https:\/\/psicologiaintegrativa.com.ar\/meditacion\/wp-content\/uploads\/2022\/07\/2-300x200.png 300w, https:\/\/psicologiaintegrativa.com.ar\/meditacion\/wp-content\/uploads\/2022\/07\/2-768x512.png 768w, https:\/\/psicologiaintegrativa.com.ar\/meditacion\/wp-content\/uploads\/2022\/07\/2.png 1232w\" sizes=\"(max-width: 800px) 100vw, 800px\" \/>\t\t\t\t\t\t\t\t\t\t\t\t\t<\/div>\n\t\t\t\t<\/div>\n\t\t\t\t\t<\/div>\n\t\t<\/div>\n\t\t\t\t<div class=\"elementor-column elementor-col-50 elementor-inner-column elementor-element elementor-element-3cb1d37\" data-id=\"3cb1d37\" data-element_type=\"column\">\n\t\t\t<div class=\"elementor-widget-wrap elementor-element-populated\">\n\t\t\t\t\t\t<div class=\"elementor-element elementor-element-0290583 elementor-widget elementor-widget-text-editor\" data-id=\"0290583\" data-element_type=\"widget\" data-widget_type=\"text-editor.default\">\n\t\t\t\t<div class=\"elementor-widget-container\">\n\t\t\t\t\t\t\t<p>M\u00f3dulo 2: Componentes a tener en cuenta en una meditaci\u00f3n<\/p>\t\t\t\t\t\t<\/div>\n\t\t\t\t<\/div>\n\t\t\t\t<div class=\"elementor-element elementor-element-7265be9 elementor-widget elementor-widget-text-editor\" data-id=\"7265be9\" data-element_type=\"widget\" data-widget_type=\"text-editor.default\">\n\t\t\t\t<div class=\"elementor-widget-container\">\n\t\t\t\t\t\t\t<ul><li>La postura corporal<\/li><li>Respirando adecuadamente<\/li><li>Respiraci\u00f3n de limpieza<\/li><\/ul>\t\t\t\t\t\t<\/div>\n\t\t\t\t<\/div>\n\t\t\t\t\t<\/div>\n\t\t<\/div>\n\t\t\t\t\t<\/div>\n\t\t<\/section>\n\t\t\t\t<section data-particle_enable=\"false\" data-particle-mobile-disabled=\"false\" class=\"elementor-section elementor-inner-section elementor-element elementor-element-ab9277c elementor-section-boxed elementor-section-height-default elementor-section-height-default\" data-id=\"ab9277c\" data-element_type=\"section\">\n\t\t\t\t\t\t<div class=\"elementor-container elementor-column-gap-default\">\n\t\t\t\t\t<div class=\"elementor-column elementor-col-50 elementor-inner-column elementor-element elementor-element-2cbcd57\" data-id=\"2cbcd57\" data-element_type=\"column\">\n\t\t\t<div class=\"elementor-widget-wrap elementor-element-populated\">\n\t\t\t\t\t\t<div class=\"elementor-element elementor-element-54325bc elementor-widget elementor-widget-image\" data-id=\"54325bc\" data-element_type=\"widget\" data-widget_type=\"image.default\">\n\t\t\t\t<div class=\"elementor-widget-container\">\n\t\t\t\t\t\t\t\t\t\t\t\t\t<img loading=\"lazy\" decoding=\"async\" width=\"800\" height=\"533\" src=\"https:\/\/psicologiaintegrativa.com.ar\/meditacion\/wp-content\/uploads\/2022\/07\/3-1024x682.png\" class=\"attachment-large size-large wp-image-1378\" alt=\"\" srcset=\"https:\/\/psicologiaintegrativa.com.ar\/meditacion\/wp-content\/uploads\/2022\/07\/3-1024x682.png 1024w, https:\/\/psicologiaintegrativa.com.ar\/meditacion\/wp-content\/uploads\/2022\/07\/3-300x200.png 300w, https:\/\/psicologiaintegrativa.com.ar\/meditacion\/wp-content\/uploads\/2022\/07\/3-768x512.png 768w, https:\/\/psicologiaintegrativa.com.ar\/meditacion\/wp-content\/uploads\/2022\/07\/3.png 1232w\" sizes=\"(max-width: 800px) 100vw, 800px\" \/>\t\t\t\t\t\t\t\t\t\t\t\t\t<\/div>\n\t\t\t\t<\/div>\n\t\t\t\t\t<\/div>\n\t\t<\/div>\n\t\t\t\t<div class=\"elementor-column elementor-col-50 elementor-inner-column elementor-element elementor-element-c5301e1\" data-id=\"c5301e1\" data-element_type=\"column\">\n\t\t\t<div class=\"elementor-widget-wrap elementor-element-populated\">\n\t\t\t\t\t\t<div class=\"elementor-element elementor-element-0a11b85 elementor-widget elementor-widget-text-editor\" data-id=\"0a11b85\" data-element_type=\"widget\" data-widget_type=\"text-editor.default\">\n\t\t\t\t<div class=\"elementor-widget-container\">\n\t\t\t\t\t\t\t<p>M\u00f3dulo 3: Ejercicios para lograr la concentraci\u00f3n<\/p>\t\t\t\t\t\t<\/div>\n\t\t\t\t<\/div>\n\t\t\t\t<div class=\"elementor-element elementor-element-b47318f elementor-widget elementor-widget-text-editor\" data-id=\"b47318f\" data-element_type=\"widget\" data-widget_type=\"text-editor.default\">\n\t\t\t\t<div class=\"elementor-widget-container\">\n\t\t\t\t\t\t\t<ul><li>El enfoque mental<\/li><li>Activaci\u00f3n de los 5 sentidos<\/li><li>Ejercitando la introspecci\u00f3n<\/li><\/ul>\t\t\t\t\t\t<\/div>\n\t\t\t\t<\/div>\n\t\t\t\t\t<\/div>\n\t\t<\/div>\n\t\t\t\t\t<\/div>\n\t\t<\/section>\n\t\t\t\t<section data-particle_enable=\"false\" data-particle-mobile-disabled=\"false\" class=\"elementor-section elementor-inner-section elementor-element elementor-element-c791311 elementor-section-boxed elementor-section-height-default elementor-section-height-default\" data-id=\"c791311\" data-element_type=\"section\">\n\t\t\t\t\t\t<div class=\"elementor-container elementor-column-gap-default\">\n\t\t\t\t\t<div class=\"elementor-column elementor-col-50 elementor-inner-column elementor-element elementor-element-e0bc8bb\" data-id=\"e0bc8bb\" data-element_type=\"column\">\n\t\t\t<div class=\"elementor-widget-wrap elementor-element-populated\">\n\t\t\t\t\t\t<div class=\"elementor-element elementor-element-3ad633e elementor-widget elementor-widget-image\" data-id=\"3ad633e\" data-element_type=\"widget\" data-widget_type=\"image.default\">\n\t\t\t\t<div class=\"elementor-widget-container\">\n\t\t\t\t\t\t\t\t\t\t\t\t\t<img loading=\"lazy\" decoding=\"async\" width=\"800\" height=\"533\" src=\"https:\/\/psicologiaintegrativa.com.ar\/meditacion\/wp-content\/uploads\/2022\/07\/4-1024x682.png\" class=\"attachment-large size-large wp-image-1379\" alt=\"\" srcset=\"https:\/\/psicologiaintegrativa.com.ar\/meditacion\/wp-content\/uploads\/2022\/07\/4-1024x682.png 1024w, https:\/\/psicologiaintegrativa.com.ar\/meditacion\/wp-content\/uploads\/2022\/07\/4-300x200.png 300w, https:\/\/psicologiaintegrativa.com.ar\/meditacion\/wp-content\/uploads\/2022\/07\/4-768x512.png 768w, https:\/\/psicologiaintegrativa.com.ar\/meditacion\/wp-content\/uploads\/2022\/07\/4.png 1232w\" sizes=\"(max-width: 800px) 100vw, 800px\" \/>\t\t\t\t\t\t\t\t\t\t\t\t\t<\/div>\n\t\t\t\t<\/div>\n\t\t\t\t\t<\/div>\n\t\t<\/div>\n\t\t\t\t<div class=\"elementor-column elementor-col-50 elementor-inner-column elementor-element elementor-element-2f74e2c\" data-id=\"2f74e2c\" data-element_type=\"column\">\n\t\t\t<div class=\"elementor-widget-wrap elementor-element-populated\">\n\t\t\t\t\t\t<div class=\"elementor-element elementor-element-d1248ca elementor-widget elementor-widget-text-editor\" data-id=\"d1248ca\" data-element_type=\"widget\" data-widget_type=\"text-editor.default\">\n\t\t\t\t<div class=\"elementor-widget-container\">\n\t\t\t\t\t\t\t<p>M\u00f3dulo 4: Meditaci\u00f3n Activa para los que sufren de ansiedad<\/p>\t\t\t\t\t\t<\/div>\n\t\t\t\t<\/div>\n\t\t\t\t<div class=\"elementor-element elementor-element-0e743fe elementor-widget elementor-widget-text-editor\" data-id=\"0e743fe\" data-element_type=\"widget\" data-widget_type=\"text-editor.default\">\n\t\t\t\t<div class=\"elementor-widget-container\">\n\t\t\t\t\t\t\t<ul><li style=\"font-weight: 400;\" aria-level=\"1\"><span style=\"font-weight: 400;\">Meditaci\u00f3n en movimiento<\/span><\/li><li style=\"font-weight: 400;\" aria-level=\"1\"><span style=\"font-weight: 400;\">Ejercicios para realizar antes de meditar<\/span><\/li><\/ul>\t\t\t\t\t\t<\/div>\n\t\t\t\t<\/div>\n\t\t\t\t\t<\/div>\n\t\t<\/div>\n\t\t\t\t\t<\/div>\n\t\t<\/section>\n\t\t\t\t<section data-particle_enable=\"false\" data-particle-mobile-disabled=\"false\" class=\"elementor-section elementor-inner-section elementor-element elementor-element-3189ff4 elementor-section-boxed elementor-section-height-default elementor-section-height-default\" data-id=\"3189ff4\" data-element_type=\"section\">\n\t\t\t\t\t\t<div class=\"elementor-container elementor-column-gap-default\">\n\t\t\t\t\t<div class=\"elementor-column elementor-col-50 elementor-inner-column elementor-element elementor-element-dbb5f8e\" data-id=\"dbb5f8e\" data-element_type=\"column\">\n\t\t\t<div class=\"elementor-widget-wrap elementor-element-populated\">\n\t\t\t\t\t\t<div class=\"elementor-element elementor-element-585843b elementor-widget elementor-widget-image\" data-id=\"585843b\" data-element_type=\"widget\" data-widget_type=\"image.default\">\n\t\t\t\t<div class=\"elementor-widget-container\">\n\t\t\t\t\t\t\t\t\t\t\t\t\t<img loading=\"lazy\" decoding=\"async\" width=\"800\" height=\"533\" src=\"https:\/\/psicologiaintegrativa.com.ar\/meditacion\/wp-content\/uploads\/2022\/07\/5-1024x682.png\" class=\"attachment-large size-large wp-image-1380\" alt=\"\" srcset=\"https:\/\/psicologiaintegrativa.com.ar\/meditacion\/wp-content\/uploads\/2022\/07\/5-1024x682.png 1024w, https:\/\/psicologiaintegrativa.com.ar\/meditacion\/wp-content\/uploads\/2022\/07\/5-300x200.png 300w, https:\/\/psicologiaintegrativa.com.ar\/meditacion\/wp-content\/uploads\/2022\/07\/5-768x512.png 768w, https:\/\/psicologiaintegrativa.com.ar\/meditacion\/wp-content\/uploads\/2022\/07\/5.png 1232w\" sizes=\"(max-width: 800px) 100vw, 800px\" \/>\t\t\t\t\t\t\t\t\t\t\t\t\t<\/div>\n\t\t\t\t<\/div>\n\t\t\t\t\t<\/div>\n\t\t<\/div>\n\t\t\t\t<div class=\"elementor-column elementor-col-50 elementor-inner-column elementor-element elementor-element-8be2dce\" data-id=\"8be2dce\" data-element_type=\"column\">\n\t\t\t<div class=\"elementor-widget-wrap elementor-element-populated\">\n\t\t\t\t\t\t<div class=\"elementor-element elementor-element-128a017 elementor-widget elementor-widget-text-editor\" data-id=\"128a017\" data-element_type=\"widget\" data-widget_type=\"text-editor.default\">\n\t\t\t\t<div class=\"elementor-widget-container\">\n\t\t\t\t\t\t\t<p>M\u00f3dulo 5: Meditaciones para lograr objetivos determinados<\/p>\t\t\t\t\t\t<\/div>\n\t\t\t\t<\/div>\n\t\t\t\t<div class=\"elementor-element elementor-element-812dc83 elementor-widget elementor-widget-text-editor\" data-id=\"812dc83\" data-element_type=\"widget\" data-widget_type=\"text-editor.default\">\n\t\t\t\t<div class=\"elementor-widget-container\">\n\t\t\t\t\t\t\t<ul><li style=\"font-weight: 400;\" aria-level=\"1\"><span style=\"font-weight: 400;\">Superar miedos<\/span><\/li><li style=\"font-weight: 400;\" aria-level=\"1\"><span style=\"font-weight: 400;\">Liberar la ansiedad y el estr\u00e9s<\/span><\/li><li style=\"font-weight: 400;\" aria-level=\"1\"><span style=\"font-weight: 400;\">Controlar la ira y el enojo<\/span><\/li><\/ul>\t\t\t\t\t\t<\/div>\n\t\t\t\t<\/div>\n\t\t\t\t\t<\/div>\n\t\t<\/div>\n\t\t\t\t\t<\/div>\n\t\t<\/section>\n\t\t\t\t<section data-particle_enable=\"false\" data-particle-mobile-disabled=\"false\" class=\"elementor-section elementor-inner-section elementor-element elementor-element-cbff525 elementor-section-boxed elementor-section-height-default elementor-section-height-default\" data-id=\"cbff525\" data-element_type=\"section\">\n\t\t\t\t\t\t<div class=\"elementor-container elementor-column-gap-default\">\n\t\t\t\t\t<div class=\"elementor-column elementor-col-50 elementor-inner-column elementor-element elementor-element-6d7fb01\" data-id=\"6d7fb01\" data-element_type=\"column\">\n\t\t\t<div class=\"elementor-widget-wrap elementor-element-populated\">\n\t\t\t\t\t\t<div class=\"elementor-element elementor-element-beebec3 elementor-widget elementor-widget-image\" data-id=\"beebec3\" data-element_type=\"widget\" data-widget_type=\"image.default\">\n\t\t\t\t<div class=\"elementor-widget-container\">\n\t\t\t\t\t\t\t\t\t\t\t\t\t<img loading=\"lazy\" decoding=\"async\" width=\"800\" height=\"533\" src=\"https:\/\/psicologiaintegrativa.com.ar\/meditacion\/wp-content\/uploads\/2022\/07\/6-1-1024x682.png\" class=\"attachment-large size-large wp-image-1381\" alt=\"\" srcset=\"https:\/\/psicologiaintegrativa.com.ar\/meditacion\/wp-content\/uploads\/2022\/07\/6-1-1024x682.png 1024w, https:\/\/psicologiaintegrativa.com.ar\/meditacion\/wp-content\/uploads\/2022\/07\/6-1-300x200.png 300w, https:\/\/psicologiaintegrativa.com.ar\/meditacion\/wp-content\/uploads\/2022\/07\/6-1-768x512.png 768w, https:\/\/psicologiaintegrativa.com.ar\/meditacion\/wp-content\/uploads\/2022\/07\/6-1.png 1232w\" sizes=\"(max-width: 800px) 100vw, 800px\" \/>\t\t\t\t\t\t\t\t\t\t\t\t\t<\/div>\n\t\t\t\t<\/div>\n\t\t\t\t\t<\/div>\n\t\t<\/div>\n\t\t\t\t<div class=\"elementor-column elementor-col-50 elementor-inner-column elementor-element elementor-element-4548392\" data-id=\"4548392\" data-element_type=\"column\">\n\t\t\t<div class=\"elementor-widget-wrap elementor-element-populated\">\n\t\t\t\t\t\t<div class=\"elementor-element elementor-element-5afac94 elementor-widget elementor-widget-text-editor\" data-id=\"5afac94\" data-element_type=\"widget\" data-widget_type=\"text-editor.default\">\n\t\t\t\t<div class=\"elementor-widget-container\">\n\t\t\t\t\t\t\t<p>M\u00f3dulo 6: C\u00f3mo lograr el silencio mental en la vida diaria<\/p>\t\t\t\t\t\t<\/div>\n\t\t\t\t<\/div>\n\t\t\t\t<div class=\"elementor-element elementor-element-a5798b5 elementor-widget elementor-widget-text-editor\" data-id=\"a5798b5\" data-element_type=\"widget\" data-widget_type=\"text-editor.default\">\n\t\t\t\t<div class=\"elementor-widget-container\">\n\t\t\t\t\t\t\t<ul><li style=\"font-weight: 400;\" aria-level=\"1\"><span style=\"font-weight: 400;\">Aprende a escuchar el silencio mental<\/span><\/li><li style=\"font-weight: 400;\" aria-level=\"1\"><span style=\"font-weight: 400;\">Meditaci\u00f3n del silencio mental<\/span><\/li><li style=\"font-weight: 400;\" aria-level=\"1\"><span style=\"font-weight: 400;\">Logrando el silencio en el d\u00eda a d\u00eda<\/span><\/li><\/ul>\t\t\t\t\t\t<\/div>\n\t\t\t\t<\/div>\n\t\t\t\t\t<\/div>\n\t\t<\/div>\n\t\t\t\t\t<\/div>\n\t\t<\/section>\n\t\t\t\t<section data-particle_enable=\"false\" data-particle-mobile-disabled=\"false\" class=\"elementor-section elementor-inner-section elementor-element elementor-element-1fcde69 elementor-section-boxed elementor-section-height-default elementor-section-height-default\" data-id=\"1fcde69\" data-element_type=\"section\">\n\t\t\t\t\t\t<div class=\"elementor-container elementor-column-gap-default\">\n\t\t\t\t\t<div class=\"elementor-column elementor-col-50 elementor-inner-column elementor-element elementor-element-8615e2d\" data-id=\"8615e2d\" data-element_type=\"column\">\n\t\t\t<div class=\"elementor-widget-wrap elementor-element-populated\">\n\t\t\t\t\t\t<div class=\"elementor-element elementor-element-e8cf62e elementor-widget elementor-widget-image\" data-id=\"e8cf62e\" data-element_type=\"widget\" data-widget_type=\"image.default\">\n\t\t\t\t<div class=\"elementor-widget-container\">\n\t\t\t\t\t\t\t\t\t\t\t\t\t<img loading=\"lazy\" decoding=\"async\" width=\"800\" height=\"533\" src=\"https:\/\/psicologiaintegrativa.com.ar\/meditacion\/wp-content\/uploads\/2022\/07\/7-1024x682.png\" class=\"attachment-large size-large wp-image-1382\" alt=\"\" srcset=\"https:\/\/psicologiaintegrativa.com.ar\/meditacion\/wp-content\/uploads\/2022\/07\/7-1024x682.png 1024w, https:\/\/psicologiaintegrativa.com.ar\/meditacion\/wp-content\/uploads\/2022\/07\/7-300x200.png 300w, https:\/\/psicologiaintegrativa.com.ar\/meditacion\/wp-content\/uploads\/2022\/07\/7-768x512.png 768w, https:\/\/psicologiaintegrativa.com.ar\/meditacion\/wp-content\/uploads\/2022\/07\/7.png 1232w\" sizes=\"(max-width: 800px) 100vw, 800px\" \/>\t\t\t\t\t\t\t\t\t\t\t\t\t<\/div>\n\t\t\t\t<\/div>\n\t\t\t\t\t<\/div>\n\t\t<\/div>\n\t\t\t\t<div class=\"elementor-column elementor-col-50 elementor-inner-column elementor-element elementor-element-34f782b\" data-id=\"34f782b\" data-element_type=\"column\">\n\t\t\t<div class=\"elementor-widget-wrap elementor-element-populated\">\n\t\t\t\t\t\t<div class=\"elementor-element elementor-element-ed80b06 elementor-widget elementor-widget-text-editor\" data-id=\"ed80b06\" data-element_type=\"widget\" data-widget_type=\"text-editor.default\">\n\t\t\t\t<div class=\"elementor-widget-container\">\n\t\t\t\t\t\t\t<p>M\u00f3dulo 7: Meditaci\u00f3n paso a paso para generar el h\u00e1bito<\/p>\t\t\t\t\t\t<\/div>\n\t\t\t\t<\/div>\n\t\t\t\t<div class=\"elementor-element elementor-element-f621565 elementor-widget elementor-widget-text-editor\" data-id=\"f621565\" data-element_type=\"widget\" data-widget_type=\"text-editor.default\">\n\t\t\t\t<div class=\"elementor-widget-container\">\n\t\t\t\t\t\t\t<ul><li style=\"font-weight: 400;\" aria-level=\"1\"><span style=\"font-weight: 400;\">Meditaci\u00f3n en 3 minutos<\/span><\/li><li style=\"font-weight: 400;\" aria-level=\"1\"><span style=\"font-weight: 400;\">Meditaci\u00f3n en 6 minutos<\/span><\/li><li style=\"font-weight: 400;\" aria-level=\"1\"><span style=\"font-weight: 400;\">Meditaci\u00f3n en 9 minutos<\/span><\/li><li style=\"font-weight: 400;\" aria-level=\"1\"><span style=\"font-weight: 400;\">Meditaci\u00f3n en 12 minutos<\/span><\/li><li style=\"font-weight: 400;\" aria-level=\"1\"><span style=\"font-weight: 400;\">Meditaci\u00f3n en 15 minutos<\/span><\/li><li style=\"font-weight: 400;\" aria-level=\"1\"><span style=\"font-weight: 400;\">Meditaci\u00f3n en 18 minutos<\/span><\/li><li style=\"font-weight: 400;\" aria-level=\"1\"><span style=\"font-weight: 400;\">Meditaci\u00f3n en 21 minutos<\/span><\/li><\/ul>\t\t\t\t\t\t<\/div>\n\t\t\t\t<\/div>\n\t\t\t\t\t<\/div>\n\t\t<\/div>\n\t\t\t\t\t<\/div>\n\t\t<\/section>\n\t\t\t\t<section data-particle_enable=\"false\" data-particle-mobile-disabled=\"false\" class=\"elementor-section elementor-inner-section elementor-element elementor-element-247e8e8 elementor-section-boxed elementor-section-height-default elementor-section-height-default\" data-id=\"247e8e8\" data-element_type=\"section\">\n\t\t\t\t\t\t<div class=\"elementor-container elementor-column-gap-default\">\n\t\t\t\t\t<div class=\"elementor-column elementor-col-50 elementor-inner-column elementor-element elementor-element-80daf86\" data-id=\"80daf86\" data-element_type=\"column\">\n\t\t\t<div class=\"elementor-widget-wrap elementor-element-populated\">\n\t\t\t\t\t\t<div class=\"elementor-element elementor-element-099d5b5 elementor-widget elementor-widget-image\" data-id=\"099d5b5\" data-element_type=\"widget\" data-widget_type=\"image.default\">\n\t\t\t\t<div class=\"elementor-widget-container\">\n\t\t\t\t\t\t\t\t\t\t\t\t\t<img loading=\"lazy\" decoding=\"async\" width=\"800\" height=\"533\" src=\"https:\/\/psicologiaintegrativa.com.ar\/meditacion\/wp-content\/uploads\/2022\/07\/8-1-1024x682.png\" class=\"attachment-large size-large wp-image-1383\" alt=\"\" srcset=\"https:\/\/psicologiaintegrativa.com.ar\/meditacion\/wp-content\/uploads\/2022\/07\/8-1-1024x682.png 1024w, https:\/\/psicologiaintegrativa.com.ar\/meditacion\/wp-content\/uploads\/2022\/07\/8-1-300x200.png 300w, https:\/\/psicologiaintegrativa.com.ar\/meditacion\/wp-content\/uploads\/2022\/07\/8-1-768x512.png 768w, https:\/\/psicologiaintegrativa.com.ar\/meditacion\/wp-content\/uploads\/2022\/07\/8-1.png 1232w\" sizes=\"(max-width: 800px) 100vw, 800px\" \/>\t\t\t\t\t\t\t\t\t\t\t\t\t<\/div>\n\t\t\t\t<\/div>\n\t\t\t\t\t<\/div>\n\t\t<\/div>\n\t\t\t\t<div class=\"elementor-column elementor-col-50 elementor-inner-column elementor-element elementor-element-a4c0785\" data-id=\"a4c0785\" data-element_type=\"column\">\n\t\t\t<div class=\"elementor-widget-wrap elementor-element-populated\">\n\t\t\t\t\t\t<div class=\"elementor-element elementor-element-37cffb3 elementor-widget elementor-widget-text-editor\" data-id=\"37cffb3\" data-element_type=\"widget\" data-widget_type=\"text-editor.default\">\n\t\t\t\t<div class=\"elementor-widget-container\">\n\t\t\t\t\t\t\t<p>M\u00f3dulo 8: Finalizaci\u00f3n del curso<\/p>\t\t\t\t\t\t<\/div>\n\t\t\t\t<\/div>\n\t\t\t\t<div class=\"elementor-element elementor-element-6c559df elementor-widget elementor-widget-text-editor\" data-id=\"6c559df\" data-element_type=\"widget\" data-widget_type=\"text-editor.default\">\n\t\t\t\t<div class=\"elementor-widget-container\">\n\t\t\t\t\t\t\t<ul><li>Descarga Certificado de Finalizaci[on de curso<\/li><\/ul>\t\t\t\t\t\t<\/div>\n\t\t\t\t<\/div>\n\t\t\t\t\t<\/div>\n\t\t<\/div>\n\t\t\t\t\t<\/div>\n\t\t<\/section>\n\t\t\t\t\t<\/div>\n\t\t<\/div>\n\t\t\t\t\t<\/div>\n\t\t<\/section>\n\t\t\t\t<section data-particle_enable=\"false\" data-particle-mobile-disabled=\"false\" class=\"elementor-section elementor-top-section elementor-element elementor-element-f2ccea4 elementor-section-boxed elementor-section-height-default elementor-section-height-default\" data-id=\"f2ccea4\" data-element_type=\"section\" data-settings=\"{&quot;background_background&quot;:&quot;classic&quot;}\">\n\t\t\t\t\t\t<div class=\"elementor-container elementor-column-gap-default\">\n\t\t\t\t\t<div class=\"elementor-column elementor-col-100 elementor-top-column elementor-element elementor-element-13320a9\" data-id=\"13320a9\" data-element_type=\"column\">\n\t\t\t<div class=\"elementor-widget-wrap elementor-element-populated\">\n\t\t\t\t\t\t<div class=\"elementor-element elementor-element-b89e08d elementor-widget elementor-widget-menu-anchor\" data-id=\"b89e08d\" data-element_type=\"widget\" data-widget_type=\"menu-anchor.default\">\n\t\t\t\t<div class=\"elementor-widget-container\">\n\t\t\t<style>\/*! elementor - v3.21.0 - 15-04-2024 *\/\nbody.elementor-page .elementor-widget-menu-anchor{margin-bottom:0}<\/style>\t\t<div class=\"elementor-menu-anchor\" id=\"comprar\"><\/div>\n\t\t\t\t<\/div>\n\t\t\t\t<\/div>\n\t\t\t\t<section data-particle_enable=\"false\" data-particle-mobile-disabled=\"false\" class=\"elementor-section elementor-inner-section elementor-element elementor-element-3d5d9e4 elementor-section-boxed elementor-section-height-default elementor-section-height-default\" data-id=\"3d5d9e4\" data-element_type=\"section\">\n\t\t\t\t\t\t<div class=\"elementor-container elementor-column-gap-default\">\n\t\t\t\t\t<div class=\"elementor-column elementor-col-100 elementor-inner-column elementor-element elementor-element-904616c\" data-id=\"904616c\" data-element_type=\"column\" data-settings=\"{&quot;background_background&quot;:&quot;classic&quot;}\">\n\t\t\t<div class=\"elementor-widget-wrap elementor-element-populated\">\n\t\t\t\t\t\t<div class=\"elementor-element elementor-element-1b4748f elementor-widget elementor-widget-text-editor\" data-id=\"1b4748f\" data-element_type=\"widget\" data-widget_type=\"text-editor.default\">\n\t\t\t\t<div class=\"elementor-widget-container\">\n\t\t\t\t\t\t\t<p>C\u00f3mo Hacer De La Meditaci\u00f3n un H\u00e1bito<\/p>\t\t\t\t\t\t<\/div>\n\t\t\t\t<\/div>\n\t\t\t\t<div class=\"elementor-element elementor-element-614b614 elementor-widget elementor-widget-image\" data-id=\"614b614\" data-element_type=\"widget\" data-widget_type=\"image.default\">\n\t\t\t\t<div class=\"elementor-widget-container\">\n\t\t\t\t\t\t\t\t\t\t\t\t\t<img loading=\"lazy\" decoding=\"async\" width=\"800\" height=\"450\" src=\"https:\/\/psicologiaintegrativa.com.ar\/meditacion\/wp-content\/uploads\/2022\/06\/mockup-meditacion-1.png\" class=\"attachment-large size-large wp-image-663\" alt=\"\" srcset=\"https:\/\/psicologiaintegrativa.com.ar\/meditacion\/wp-content\/uploads\/2022\/06\/mockup-meditacion-1.png 800w, https:\/\/psicologiaintegrativa.com.ar\/meditacion\/wp-content\/uploads\/2022\/06\/mockup-meditacion-1-300x169.png 300w, https:\/\/psicologiaintegrativa.com.ar\/meditacion\/wp-content\/uploads\/2022\/06\/mockup-meditacion-1-768x432.png 768w\" sizes=\"(max-width: 800px) 100vw, 800px\" \/>\t\t\t\t\t\t\t\t\t\t\t\t\t<\/div>\n\t\t\t\t<\/div>\n\t\t\t\t<div class=\"elementor-element elementor-element-cc2408d elementor-widget elementor-widget-text-editor\" data-id=\"cc2408d\" data-element_type=\"widget\" data-widget_type=\"text-editor.default\">\n\t\t\t\t<div class=\"elementor-widget-container\">\n\t\t\t\t\t\t\t<p>Un camino progresivo hacia la transformaci\u00f3n personal y un mayor bienestar.<\/p>\t\t\t\t\t\t<\/div>\n\t\t\t\t<\/div>\n\t\t\t\t<div class=\"elementor-element elementor-element-5644972 elementor-list-item-link-inline elementor-align-left elementor-icon-list--layout-traditional elementor-widget elementor-widget-icon-list\" data-id=\"5644972\" data-element_type=\"widget\" data-widget_type=\"icon-list.default\">\n\t\t\t\t<div class=\"elementor-widget-container\">\n\t\t\t<link rel=\"stylesheet\" href=\"https:\/\/psicologiaintegrativa.com.ar\/meditacion\/wp-content\/plugins\/elementor\/assets\/css\/widget-icon-list.min.css\">\t\t<ul class=\"elementor-icon-list-items\">\n\t\t\t\t\t\t\t<li class=\"elementor-icon-list-item\">\n\t\t\t\t\t\t\t\t\t\t\t<span class=\"elementor-icon-list-icon\">\n\t\t\t\t\t\t\t<i aria-hidden=\"true\" class=\"fas fa-check\"><\/i>\t\t\t\t\t\t<\/span>\n\t\t\t\t\t\t\t\t\t\t<span class=\"elementor-icon-list-text\">Acceso inmediato y para toda la vida al curso<\/span>\n\t\t\t\t\t\t\t\t\t<\/li>\n\t\t\t\t\t\t\t\t<li class=\"elementor-icon-list-item\">\n\t\t\t\t\t\t\t\t\t\t\t<span class=\"elementor-icon-list-icon\">\n\t\t\t\t\t\t\t<i aria-hidden=\"true\" class=\"fas fa-check\"><\/i>\t\t\t\t\t\t<\/span>\n\t\t\t\t\t\t\t\t\t\t<span class=\"elementor-icon-list-text\">8 m\u00f3dulos con m\u00e1s de 27 lecciones en formato de video y pr\u00e1cticos<\/span>\n\t\t\t\t\t\t\t\t\t<\/li>\n\t\t\t\t\t\t\t\t<li class=\"elementor-icon-list-item\">\n\t\t\t\t\t\t\t\t\t\t\t<span class=\"elementor-icon-list-icon\">\n\t\t\t\t\t\t\t<i aria-hidden=\"true\" class=\"fas fa-check\"><\/i>\t\t\t\t\t\t<\/span>\n\t\t\t\t\t\t\t\t\t\t<span class=\"elementor-icon-list-text\">Manual ilustrado en PDF con mas de 85 p\u00e1ginas<\/span>\n\t\t\t\t\t\t\t\t\t<\/li>\n\t\t\t\t\t\t\t\t<li class=\"elementor-icon-list-item\">\n\t\t\t\t\t\t\t\t\t\t\t<span class=\"elementor-icon-list-icon\">\n\t\t\t\t\t\t\t<i aria-hidden=\"true\" class=\"fas fa-check\"><\/i>\t\t\t\t\t\t<\/span>\n\t\t\t\t\t\t\t\t\t\t<span class=\"elementor-icon-list-text\">Certificado por finalizaci\u00f3n del curso<\/span>\n\t\t\t\t\t\t\t\t\t<\/li>\n\t\t\t\t\t\t\t\t<li class=\"elementor-icon-list-item\">\n\t\t\t\t\t\t\t\t\t\t\t<span class=\"elementor-icon-list-icon\">\n\t\t\t\t\t\t\t<i aria-hidden=\"true\" class=\"fas fa-check\"><\/i>\t\t\t\t\t\t<\/span>\n\t\t\t\t\t\t\t\t\t\t<span class=\"elementor-icon-list-text\">Pack de 7 meditaciones con prop\u00f3sitos espec\u00edficos<\/span>\n\t\t\t\t\t\t\t\t\t<\/li>\n\t\t\t\t\t\t\t\t<li class=\"elementor-icon-list-item\">\n\t\t\t\t\t\t\t\t\t\t\t<span class=\"elementor-icon-list-icon\">\n\t\t\t\t\t\t\t<i aria-hidden=\"true\" class=\"fas fa-check\"><\/i>\t\t\t\t\t\t<\/span>\n\t\t\t\t\t\t\t\t\t\t<span class=\"elementor-icon-list-text\">Acceso a Cartas Virtuales<\/span>\n\t\t\t\t\t\t\t\t\t<\/li>\n\t\t\t\t\t\t\t\t<li class=\"elementor-icon-list-item\">\n\t\t\t\t\t\t\t\t\t\t\t<span class=\"elementor-icon-list-icon\">\n\t\t\t\t\t\t\t<i aria-hidden=\"true\" class=\"fas fa-check\"><\/i>\t\t\t\t\t\t<\/span>\n\t\t\t\t\t\t\t\t\t\t<span class=\"elementor-icon-list-text\">BONUS! Grupo exclusivo de Telegram<\/span>\n\t\t\t\t\t\t\t\t\t<\/li>\n\t\t\t\t\t\t<\/ul>\n\t\t\t\t<\/div>\n\t\t\t\t<\/div>\n\t\t\t\t<div class=\"elementor-element elementor-element-d7c628d elementor-headline--style-highlight elementor-widget elementor-widget-animated-headline\" data-id=\"d7c628d\" data-element_type=\"widget\" data-settings=\"{&quot;marker&quot;:&quot;x&quot;,&quot;highlighted_text&quot;:&quot;$60&quot;,&quot;headline_style&quot;:&quot;highlight&quot;,&quot;highlight_animation_duration&quot;:1200}\" data-widget_type=\"animated-headline.default\">\n\t\t\t\t<div class=\"elementor-widget-container\">\n\t\t\t<link rel=\"stylesheet\" href=\"https:\/\/psicologiaintegrativa.com.ar\/meditacion\/wp-content\/plugins\/elementor-pro\/assets\/css\/widget-animated-headline.min.css\">\t\t<h3 class=\"elementor-headline\">\n\t\t\t\t\t<span class=\"elementor-headline-plain-text elementor-headline-text-wrapper\">Valor:<\/span>\n\t\t\t\t<span class=\"elementor-headline-dynamic-wrapper elementor-headline-text-wrapper\">\n\t\t\t\t\t<span class=\"elementor-headline-dynamic-text elementor-headline-text-active\">$60<\/span>\n\t\t\t\t<\/span>\n\t\t\t\t<\/h3>\n\t\t\t\t<\/div>\n\t\t\t\t<\/div>\n\t\t\t\t<div class=\"elementor-element elementor-element-f8e8abd elementor-headline--style-highlight elementor-widget elementor-widget-animated-headline\" data-id=\"f8e8abd\" data-element_type=\"widget\" data-settings=\"{&quot;marker&quot;:&quot;underline&quot;,&quot;highlighted_text&quot;:&quot;50%&quot;,&quot;headline_style&quot;:&quot;highlight&quot;,&quot;highlight_animation_duration&quot;:1200}\" data-widget_type=\"animated-headline.default\">\n\t\t\t\t<div class=\"elementor-widget-container\">\n\t\t\t\t\t<h3 class=\"elementor-headline\">\n\t\t\t\t\t<span class=\"elementor-headline-plain-text elementor-headline-text-wrapper\">Obt\u00e9n el<\/span>\n\t\t\t\t<span class=\"elementor-headline-dynamic-wrapper elementor-headline-text-wrapper\">\n\t\t\t\t\t<span class=\"elementor-headline-dynamic-text elementor-headline-text-active\">50%<\/span>\n\t\t\t\t<\/span>\n\t\t\t\t\t<span class=\"elementor-headline-plain-text elementor-headline-text-wrapper\">de descuento<\/span>\n\t\t\t\t\t<\/h3>\n\t\t\t\t<\/div>\n\t\t\t\t<\/div>\n\t\t\t\t<div class=\"elementor-element elementor-element-4f765c1 elementor-widget elementor-widget-text-editor\" data-id=\"4f765c1\" data-element_type=\"widget\" data-widget_type=\"text-editor.default\">\n\t\t\t\t<div class=\"elementor-widget-container\">\n\t\t\t\t\t\t\t<p>El curso completo a $30 por tiempo limitado<\/p>\t\t\t\t\t\t<\/div>\n\t\t\t\t<\/div>\n\t\t\t\t<div class=\"elementor-element elementor-element-f84d293 elementor-widget elementor-widget-html\" data-id=\"f84d293\" data-element_type=\"widget\" data-widget_type=\"html.default\">\n\t\t\t\t<div class=\"elementor-widget-container\">\n\t\t\t<script type=\"text\/javascript\">\r\n\tfunction importHotmart(){ \r\n \t\tvar imported = document.createElement('script'); \r\n \t\timported.src = 'https:\/\/static.hotmart.com\/checkout\/widget.min.js'; \r\n \t\tdocument.head.appendChild(imported); \r\n\t\tvar link = document.createElement('link'); \r\n\t\tlink.rel = 'stylesheet'; \r\n\t\tlink.type = 'text\/css'; \r\n\t\tlink.href = 'https:\/\/static.hotmart.com\/css\/hotmart-fb.min.css'; \r\n\t\tdocument.head.appendChild(link);\t} \r\n \timportHotmart(); \r\n <\/script> \r\n <a onclick=\"return false;\" href=\"https:\/\/pay.hotmart.com\/S68885022M?checkoutMode=2\" class=\"hotmart-fb hotmart__button-checkout\"><img src='https:\/\/psicologiaintegrativa.com.ar\/meditacion\/wp-content\/uploads\/2024\/04\/btn-comprar.png'><\/a> \t\t<\/div>\n\t\t\t\t<\/div>\n\t\t\t\t<div class=\"elementor-element elementor-element-5a923c0 elementor-widget elementor-widget-text-editor\" data-id=\"5a923c0\" data-element_type=\"widget\" data-widget_type=\"text-editor.default\">\n\t\t\t\t<div class=\"elementor-widget-container\">\n\t\t\t\t\t\t\t<p>Aplica el c\u00f3digo <strong>50SW2024 <\/strong>para recibir el 50% de descuento.<\/p>\t\t\t\t\t\t<\/div>\n\t\t\t\t<\/div>\n\t\t\t\t\t<\/div>\n\t\t<\/div>\n\t\t\t\t\t<\/div>\n\t\t<\/section>\n\t\t\t\t\t<\/div>\n\t\t<\/div>\n\t\t\t\t\t<\/div>\n\t\t<\/section>\n\t\t\t\t<section data-particle_enable=\"false\" data-particle-mobile-disabled=\"false\" class=\"elementor-section elementor-top-section elementor-element elementor-element-78fbe37 elementor-section-boxed elementor-section-height-default elementor-section-height-default\" data-id=\"78fbe37\" data-element_type=\"section\" data-settings=\"{&quot;background_background&quot;:&quot;gradient&quot;}\">\n\t\t\t\t\t\t<div class=\"elementor-container elementor-column-gap-default\">\n\t\t\t\t\t<div class=\"elementor-column elementor-col-100 elementor-top-column elementor-element elementor-element-8d9c811\" data-id=\"8d9c811\" data-element_type=\"column\">\n\t\t\t<div class=\"elementor-widget-wrap elementor-element-populated\">\n\t\t\t\t\t\t<div class=\"elementor-element elementor-element-c2cc6fe elementor-widget elementor-widget-text-editor\" data-id=\"c2cc6fe\" data-element_type=\"widget\" data-widget_type=\"text-editor.default\">\n\t\t\t\t<div class=\"elementor-widget-container\">\n\t\t\t\t\t\t\t<p>Preguntas Frecuentes:<\/p>\t\t\t\t\t\t<\/div>\n\t\t\t\t<\/div>\n\t\t\t\t<div class=\"elementor-element elementor-element-69a1eb6 elementor-widget elementor-widget-eael-adv-accordion\" data-id=\"69a1eb6\" data-element_type=\"widget\" data-widget_type=\"eael-adv-accordion.default\">\n\t\t\t\t<div class=\"elementor-widget-container\">\n\t\t\t        <div class=\"eael-adv-accordion\" id=\"eael-adv-accordion-69a1eb6\" data-scroll-on-click=\"no\" data-scroll-speed=\"300\" data-accordion-id=\"69a1eb6\" data-accordion-type=\"accordion\" data-toogle-speed=\"300\">\n    <div class=\"eael-accordion-list\">\n                <div id=\"cul-es-el-formato-del-curso\" class=\"elementor-tab-title eael-accordion-header\" tabindex=\"0\" data-tab=\"1\" aria-controls=\"elementor-tab-content-1101\"><span class=\"eael-accordion-tab-title\">\u00bfCu\u00e1l es el formato del curso?<\/span><i aria-hidden=\"true\" class=\"fa-toggle fas fa-angle-right\"><\/i><\/div><div id=\"elementor-tab-content-1101\" class=\"eael-accordion-content clearfix\" data-tab=\"1\" aria-labelledby=\"cul-es-el-formato-del-curso\"><p>El formato es 100% online, multimedia e interactivo. Todos los contenidos del curso est\u00e1n alojados en una plataforma de \u00faltima generaci\u00f3n a la cual vas a poder acceder de inmediato cuando te inscribas. Vas a poder conectarte las 24 horas al d\u00eda los 365 d\u00edas del a\u00f1o. Puedes acceder, revisar los videos y descargar los materiales todas las veces que quieras y en el horario que sea m\u00e1s conveniente para ti.<\/p><\/div>\n                <\/div><div class=\"eael-accordion-list\">\n                <div id=\"cmo-accedo-a-mis-cursos\" class=\"elementor-tab-title eael-accordion-header\" tabindex=\"0\" data-tab=\"2\" aria-controls=\"elementor-tab-content-1102\"><span class=\"eael-accordion-tab-title\">\u00bfC\u00f3mo accedo a mis cursos?<\/span><i aria-hidden=\"true\" class=\"fa-toggle fas fa-angle-right\"><\/i><\/div><div id=\"elementor-tab-content-1102\" class=\"eael-accordion-content clearfix\" data-tab=\"2\" aria-labelledby=\"cmo-accedo-a-mis-cursos\"><p>Una vez realizado el pago y procesado con \u00e9xito en EMI recibir\u00e1s una contrase\u00f1a en tu email, junto con el enlace de acceso al curso. Recuerda que el usuario es tu email.<\/p><\/div>\n                <\/div><div class=\"eael-accordion-list\">\n                <div id=\"cundo-comienzan-las-clases\" class=\"elementor-tab-title eael-accordion-header\" tabindex=\"0\" data-tab=\"3\" aria-controls=\"elementor-tab-content-1103\"><span class=\"eael-accordion-tab-title\">\u00bfCu\u00e1ndo comienzan las clases?<\/span><i aria-hidden=\"true\" class=\"fa-toggle fas fa-angle-right\"><\/i><\/div><div id=\"elementor-tab-content-1103\" class=\"eael-accordion-content clearfix\" data-tab=\"3\" aria-labelledby=\"cundo-comienzan-las-clases\"><p>EMI te ofrece capacitarte desde la comodidad de tu casa, accediendo al curso en el momento que quieras. Una vez adquirido podr\u00e1s acceder a la capacitaci\u00f3n las veces que quieras, sin l\u00edmites de tiempo, para que saques el mejor provecho de los conocimientos.<\/p><\/div>\n                <\/div><div class=\"eael-accordion-list\">\n                <div id=\"qu-pasa-si-no-puedo-comenzar-de-inmediato\" class=\"elementor-tab-title eael-accordion-header\" tabindex=\"0\" data-tab=\"4\" aria-controls=\"elementor-tab-content-1104\"><span class=\"eael-accordion-tab-title\">\u00bfQu\u00e9 pasa si no puedo comenzar de inmediato?<\/span><i aria-hidden=\"true\" class=\"fa-toggle fas fa-angle-right\"><\/i><\/div><div id=\"elementor-tab-content-1104\" class=\"eael-accordion-content clearfix\" data-tab=\"4\" aria-labelledby=\"qu-pasa-si-no-puedo-comenzar-de-inmediato\"><p>\u00a1No hay problema! Puedes inscribirte ahora y reservar tu lugar. Una vez que est\u00e9s listo o lista para comenzar podr\u00e1s acceder al portal y comenzar desde el principio.<\/p><\/div>\n                <\/div><div class=\"eael-accordion-list\">\n                <div id=\"cunto-dura-el-curso\" class=\"elementor-tab-title eael-accordion-header\" tabindex=\"0\" data-tab=\"5\" aria-controls=\"elementor-tab-content-1105\"><span class=\"eael-accordion-tab-title\">\u00bfCu\u00e1nto dura el curso?<\/span><i aria-hidden=\"true\" class=\"fa-toggle fas fa-angle-right\"><\/i><\/div><div id=\"elementor-tab-content-1105\" class=\"eael-accordion-content clearfix\" data-tab=\"5\" aria-labelledby=\"cunto-dura-el-curso\"><p>El curso tiene mas de 7 horas de duraci\u00f3n en video de alta resoluci\u00f3n. Puedes verlo a tu tiempo y ritmo.<\/p><\/div>\n                <\/div><div class=\"eael-accordion-list\">\n                <div id=\"tendr-acceso-al-curso-despus-de-completarlo\" class=\"elementor-tab-title eael-accordion-header\" tabindex=\"0\" data-tab=\"6\" aria-controls=\"elementor-tab-content-1106\"><span class=\"eael-accordion-tab-title\">\u00bfTendr\u00e9 acceso al curso despu\u00e9s de completarlo?<\/span><i aria-hidden=\"true\" class=\"fa-toggle fas fa-angle-right\"><\/i><\/div><div id=\"elementor-tab-content-1106\" class=\"eael-accordion-content clearfix\" data-tab=\"6\" aria-labelledby=\"tendr-acceso-al-curso-despus-de-completarlo\"><p>S\u00ed. El acceso es de por vida. Seguir\u00e1s teniendo acceso al curso despu\u00e9s de completarlo. Por lo tanto, si quieres revisar contenido espec\u00edfico del curso despu\u00e9s de terminarlo, o cursarlo nuevamente, podr\u00e1s hacerlo.<\/p><\/div>\n                <\/div><div class=\"eael-accordion-list\">\n                <div id=\"cundo-y-en-qu-formato-se-entrega-el-certificado\" class=\"elementor-tab-title eael-accordion-header\" tabindex=\"0\" data-tab=\"7\" aria-controls=\"elementor-tab-content-1107\"><span class=\"eael-accordion-tab-title\">\u00bfCu\u00e1ndo y en qu\u00e9 formato se entrega el certificado?<\/span><i aria-hidden=\"true\" class=\"fa-toggle fas fa-angle-right\"><\/i><\/div><div id=\"elementor-tab-content-1107\" class=\"eael-accordion-content clearfix\" data-tab=\"7\" aria-labelledby=\"cundo-y-en-qu-formato-se-entrega-el-certificado\"><p>El certificado de EMI se obtiene realizando el 100% del curso y se entrega en formato digital (PDF).<\/p><\/div>\n                <\/div><div class=\"eael-accordion-list\">\n                <div id=\"cmo-funciona-la-garanta\" class=\"elementor-tab-title eael-accordion-header\" tabindex=\"0\" data-tab=\"8\" aria-controls=\"elementor-tab-content-1108\"><span class=\"eael-accordion-tab-title\">\u00bfC\u00f3mo funciona la garant\u00eda?<\/span><i aria-hidden=\"true\" class=\"fa-toggle fas fa-angle-right\"><\/i><\/div><div id=\"elementor-tab-content-1108\" class=\"eael-accordion-content clearfix\" data-tab=\"8\" aria-labelledby=\"cmo-funciona-la-garanta\"><p>Si por alg\u00fan motivo no es lo que estabas buscando, tendr\u00e1s 7 d\u00edas para solicitar el reembolso por el total del dinero abonado. Estamos tan seguros que te gustar\u00e1 que te damos hasta este beneficio.<\/p><\/div>\n                <\/div><\/div>\t\t<\/div>\n\t\t\t\t<\/div>\n\t\t\t\t\t<\/div>\n\t\t<\/div>\n\t\t\t\t\t<\/div>\n\t\t<\/section>\n\t\t\t\t<section data-particle_enable=\"false\" data-particle-mobile-disabled=\"false\" class=\"elementor-section elementor-top-section elementor-element elementor-element-9206cdc elementor-section-boxed elementor-section-height-default elementor-section-height-default\" data-id=\"9206cdc\" data-element_type=\"section\" data-settings=\"{&quot;background_background&quot;:&quot;classic&quot;}\">\n\t\t\t\t\t\t<div class=\"elementor-container elementor-column-gap-default\">\n\t\t\t\t\t<div class=\"elementor-column elementor-col-100 elementor-top-column elementor-element elementor-element-3639ed2\" data-id=\"3639ed2\" data-element_type=\"column\">\n\t\t\t<div class=\"elementor-widget-wrap elementor-element-populated\">\n\t\t\t\t\t\t<div class=\"elementor-element elementor-element-d45fcc3 elementor-widget elementor-widget-text-editor\" data-id=\"d45fcc3\" data-element_type=\"widget\" data-widget_type=\"text-editor.default\">\n\t\t\t\t<div class=\"elementor-widget-container\">\n\t\t\t\t\t\t\t<p>\u00bfTIENES ALGUNA CONSULTA?<\/p>\t\t\t\t\t\t<\/div>\n\t\t\t\t<\/div>\n\t\t\t\t<div class=\"elementor-element elementor-element-e0cffb5 elementor-widget elementor-widget-eael-creative-button\" data-id=\"e0cffb5\" data-element_type=\"widget\" data-settings=\"{&quot;_animation_mobile&quot;:&quot;fadeIn&quot;}\" data-widget_type=\"eael-creative-button.default\">\n\t\t\t\t<div class=\"elementor-widget-container\">\n\t\t\t        <div class=\"eael-creative-button-wrapper\">\n\n            <a class=\"eael-creative-button eael-creative-button--default\" href=\"https:\/\/api.whatsapp.com\/send?phone=5491166506438\" data-text=\"\">\n\n\t    \n                <div class=\"creative-button-inner\">\n\n                                            <span class=\"eael-creative-button-icon-left\"><i aria-hidden=\"true\" class=\"fab fa-whatsapp\"><\/i><\/span>                    \n                    <span class=\"cretive-button-text\">Escribir al Whatsapp<\/span>\n\n                                    <\/div>\n\t                        <\/a>\n        <\/div>\n\t\t<\/div>\n\t\t\t\t<\/div>\n\t\t\t\t\t<\/div>\n\t\t<\/div>\n\t\t\t\t\t<\/div>\n\t\t<\/section>\n\t\t\t\t<section data-particle_enable=\"false\" data-particle-mobile-disabled=\"false\" class=\"elementor-section elementor-top-section elementor-element elementor-element-542f91c elementor-section-boxed elementor-section-height-default elementor-section-height-default\" data-id=\"542f91c\" data-element_type=\"section\" data-settings=\"{&quot;background_background&quot;:&quot;classic&quot;}\">\n\t\t\t\t\t\t<div class=\"elementor-container elementor-column-gap-default\">\n\t\t\t\t\t<div class=\"elementor-column elementor-col-100 elementor-top-column elementor-element elementor-element-7296707\" data-id=\"7296707\" data-element_type=\"column\">\n\t\t\t<div class=\"elementor-widget-wrap elementor-element-populated\">\n\t\t\t\t\t\t<section data-particle_enable=\"false\" data-particle-mobile-disabled=\"false\" class=\"elementor-section elementor-inner-section elementor-element elementor-element-60213e8 elementor-section-boxed elementor-section-height-default elementor-section-height-default\" data-id=\"60213e8\" data-element_type=\"section\">\n\t\t\t\t\t\t<div class=\"elementor-container elementor-column-gap-default\">\n\t\t\t\t\t<div class=\"elementor-column elementor-col-33 elementor-inner-column elementor-element elementor-element-3ba3805\" data-id=\"3ba3805\" data-element_type=\"column\">\n\t\t\t<div class=\"elementor-widget-wrap elementor-element-populated\">\n\t\t\t\t\t\t<div class=\"elementor-element elementor-element-0a9feca elementor-widget elementor-widget-image\" data-id=\"0a9feca\" data-element_type=\"widget\" data-widget_type=\"image.default\">\n\t\t\t\t<div class=\"elementor-widget-container\">\n\t\t\t\t\t\t\t\t\t\t\t\t\t<img loading=\"lazy\" decoding=\"async\" width=\"800\" height=\"800\" src=\"https:\/\/psicologiaintegrativa.com.ar\/meditacion\/wp-content\/uploads\/2022\/06\/iso-1000x1000-1.png\" class=\"attachment-large size-large wp-image-299\" alt=\"\" srcset=\"https:\/\/psicologiaintegrativa.com.ar\/meditacion\/wp-content\/uploads\/2022\/06\/iso-1000x1000-1.png 1000w, https:\/\/psicologiaintegrativa.com.ar\/meditacion\/wp-content\/uploads\/2022\/06\/iso-1000x1000-1-300x300.png 300w, https:\/\/psicologiaintegrativa.com.ar\/meditacion\/wp-content\/uploads\/2022\/06\/iso-1000x1000-1-150x150.png 150w, https:\/\/psicologiaintegrativa.com.ar\/meditacion\/wp-content\/uploads\/2022\/06\/iso-1000x1000-1-768x768.png 768w\" sizes=\"(max-width: 800px) 100vw, 800px\" \/>\t\t\t\t\t\t\t\t\t\t\t\t\t<\/div>\n\t\t\t\t<\/div>\n\t\t\t\t\t<\/div>\n\t\t<\/div>\n\t\t\t\t<div class=\"elementor-column elementor-col-33 elementor-inner-column elementor-element elementor-element-70866a8\" data-id=\"70866a8\" data-element_type=\"column\">\n\t\t\t<div class=\"elementor-widget-wrap elementor-element-populated\">\n\t\t\t\t\t\t<div class=\"elementor-element elementor-element-d2131b5 elementor-hidden-tablet elementor-hidden-mobile elementor-widget elementor-widget-eael-divider\" data-id=\"d2131b5\" data-element_type=\"widget\" data-widget_type=\"eael-divider.default\">\n\t\t\t\t<div class=\"elementor-widget-container\">\n\t\t\t\t\t<div class=\"eael-divider-wrap divider-direction-vertical\">\n\t\t\t\t\t\t\t<div class=\"eael-divider vertical solid\"><\/div>\n\t\t\t\t\t<\/div>\n\t\t<\/div>\n\t\t\t\t<\/div>\n\t\t\t\t\t<\/div>\n\t\t<\/div>\n\t\t\t\t<div class=\"elementor-column elementor-col-33 elementor-inner-column elementor-element elementor-element-a8bd961\" data-id=\"a8bd961\" data-element_type=\"column\">\n\t\t\t<div class=\"elementor-widget-wrap elementor-element-populated\">\n\t\t\t\t\t\t<div class=\"elementor-element elementor-element-4d591a6 elementor-widget elementor-widget-text-editor\" data-id=\"4d591a6\" data-element_type=\"widget\" data-widget_type=\"text-editor.default\">\n\t\t\t\t<div class=\"elementor-widget-container\">\n\t\t\t\t\t\t\t<p>Espacio Multidisciplinario Integrativo (EMI), es un lugar donde encontrar\u00e1s diversas herramientas para favorecer tu autoconocimiento, desarrollo personal y profesional. Tiene como objetivo, a trav\u00e9s de las capacitaciones, acompa\u00f1arte hacia un un estilo de vida basado en la libertad.\u00a0<\/p>\t\t\t\t\t\t<\/div>\n\t\t\t\t<\/div>\n\t\t\t\t<div class=\"elementor-element elementor-element-2b4ba79 elementor-widget elementor-widget-text-editor\" data-id=\"2b4ba79\" data-element_type=\"widget\" data-widget_type=\"text-editor.default\">\n\t\t\t\t<div class=\"elementor-widget-container\">\n\t\t\t\t\t\t\t<p>\u00ae Copyright | Pol\u00edtica de privacidad<\/p>\t\t\t\t\t\t<\/div>\n\t\t\t\t<\/div>\n\t\t\t\t\t<\/div>\n\t\t<\/div>\n\t\t\t\t\t<\/div>\n\t\t<\/section>\n\t\t\t\t\t<\/div>\n\t\t<\/div>\n\t\t\t\t\t<\/div>\n\t\t<\/section>\n\t\t\t\t<\/div>\n\t\t","protected":false},"excerpt":{"rendered":"<p>VIAJE AL BIENESTAR Curso Online: C\u00f3mo hacer de la meditaci\u00f3n un h\u00e1bito Esto es lo que obtendr\u00e1s con este curso online de meditaci\u00f3n: Aprende a meditar correctamente o fortalecer una pr\u00e1ctica actual. Experimenta personalmente los beneficios de la meditaci\u00f3n en tu mente, coraz\u00f3n y cuerpo. Desarrolla una gentil apertura y coraje para mirarte a ti [&hellip;]<\/p>\n","protected":false},"author":1,"featured_media":663,"parent":0,"menu_order":0,"comment_status":"closed","ping_status":"closed","template":"elementor_canvas","meta":{"footnotes":""},"aioseo_notices":[],"_links":{"self":[{"href":"https:\/\/psicologiaintegrativa.com.ar\/meditacion\/wp-json\/wp\/v2\/pages\/38"}],"collection":[{"href":"https:\/\/psicologiaintegrativa.com.ar\/meditacion\/wp-json\/wp\/v2\/pages"}],"about":[{"href":"https:\/\/psicologiaintegrativa.com.ar\/meditacion\/wp-json\/wp\/v2\/types\/page"}],"author":[{"embeddable":true,"href":"https:\/\/psicologiaintegrativa.com.ar\/meditacion\/wp-json\/wp\/v2\/users\/1"}],"replies":[{"embeddable":true,"href":"https:\/\/psicologiaintegrativa.com.ar\/meditacion\/wp-json\/wp\/v2\/comments?post=38"}],"version-history":[{"count":716,"href":"https:\/\/psicologiaintegrativa.com.ar\/meditacion\/wp-json\/wp\/v2\/pages\/38\/revisions"}],"predecessor-version":[{"id":1638,"href":"https:\/\/psicologiaintegrativa.com.ar\/meditacion\/wp-json\/wp\/v2\/pages\/38\/revisions\/1638"}],"wp:featuredmedia":[{"embeddable":true,"href":"https:\/\/psicologiaintegrativa.com.ar\/meditacion\/wp-json\/wp\/v2\/media\/663"}],"wp:attachment":[{"href":"https:\/\/psicologiaintegrativa.com.ar\/meditacion\/wp-json\/wp\/v2\/media?parent=38"}],"curies":[{"name":"wp","href":"https:\/\/api.w.org\/{rel}","templated":true}]}}